{"id":783,"date":"2020-08-20T11:37:00","date_gmt":"2020-08-20T09:37:00","guid":{"rendered":"http:\/\/www.per-turbas.fr\/?page_id=783"},"modified":"2021-09-11T16:15:41","modified_gmt":"2021-09-11T14:15:41","slug":"per-turbas","status":"publish","type":"page","link":"https:\/\/www.per-turbas.fr\/index.php\/per-turbas\/","title":{"rendered":"per turbas ?"},"content":{"rendered":"\n<p>D\u00e9cr\u00e9t\u00e9 dans le monde entier depuis mars 2020, l&#8217;\u00e9tat d&#8217;urgence sanitaire est un bel exemple de <em>perturbation<\/em>, dont l&#8217;origine dispara\u00eet dans les limbes de l&#8217;histoire naturelle et socioculturelle des virus pour se m\u00e9tamorphoser, \u00e0 notre \u00e9poque, en biopolitique totalitaire d&#8217;\u00c9tats propageant une phobie hyst\u00e9rique avec la complicit\u00e9 du syst\u00e8me m\u00e9diatique, dans l&#8217;objectif strat\u00e9gique de justifier un <em>\u00e9tat d&#8217;exception<\/em> qui suspend, en contradiction avec le droit constitutionnel en vigueur, d&#8217;importantes libert\u00e9s fondamentales [voir la s\u00e9rie <a href=\"https:\/\/www.per-turbas.fr\/index.php\/theorie-critique\/covid-mania\/\">covid-mania<\/a>]. <\/p>\n\n\n\n<p>Dans ce cas, l&#8217;encha\u00eenement de perturbations en tout genre illustre de mani\u00e8re exemplaire l&#8217;inanit\u00e9 du d\u00e9sir d&#8217;en finir avec la perturbation, la r\u00e8gle normative qui entend y mettre fin ne faisant que perturber la perturbation. Il est donc vain, \u00e0 l&#8217;instar des partisans de l&#8217;ordre \u00e9tabli, de croire pouvoir conjurer toute perturbation par l&#8217;\u00e9tablissement de normes, culturelles ou religieuses, \u00e9thiques ou juridiques, scientifiques ou esth\u00e9tiques, etc. Faut-il pour autant pr\u00e9coniser de proc\u00e9der <em>per turbas<\/em> ?<\/p>\n\n\n\n<blockquote class=\"wp-block-quote has-text-align-center is-layout-flow wp-block-quote-is-layout-flow\"><p>du principe de perturbation<\/p><\/blockquote>\n\n\n\n<p>Lui-m\u00eame perturb\u00e9 par la R\u00e9volution fran\u00e7aise, dont l&#8217;\u00e9v\u00e9nement l&#8217;enthousiasme, <a href=\"https:\/\/www.per-turbas.fr\/index.php\/polis\/kant\/\">Kant <\/a>semble se contredire \u00e0 vouloir, malgr\u00e9 tout, d\u00e9fendre le droit \u00e9tabli contre la r\u00e9g\u00e9n\u00e9ration d&#8217;une Constitution par le moyen trouble d&#8217;une \u00e9meute (<em>per turbas agitur<\/em>). Une th\u00e9orie critique de l&#8217;\u00e9mancipation doit comprendre, c&#8217;est-\u00e0-dire int\u00e9grer et concevoir de mani\u00e8re compr\u00e9hensive, le soul\u00e8vement (<em>stasis<\/em>) autonome d&#8217;un peuple comme une dynamique politique de r\u00e9g\u00e9n\u00e9ration de la vie publique, dont le mouvement subversif est susceptible de perturber fertilement relations sociales et institutions politiques.<\/p>\n\n\n\n<p>La <em>turba<\/em> est le trouble d\u2019une foule en pleine confusion, dont la cohue d\u00e9sordonn\u00e9e a \u00e9t\u00e9 provoqu\u00e9e par une querelle. Le latin <em>turba<\/em> est apparent\u00e9 au grec <em>turb\u00e8<\/em> (tumulte), qui d\u00e9signe en particulier la danse tumultueuse lors des f\u00eates bacchanales : exemple parmi d&#8217;autres d&#8217;une mise en sc\u00e8ne culturelle de la perturbation des normes collectives d\u2019une soci\u00e9t\u00e9 humaine par le d\u00e9sordre cosmique. C\u2019est que le trouble de l\u2019ordre public n\u2019est pas la seule forme de perturbation. Compl\u00e9tant le spectre s\u00e9mantique de la <em>turba<\/em>, le latin <em>turbo<\/em> peut d\u00e9signer la r\u00e9volution d\u2019un astre ou le tourbillon circulaire, en particulier du vent, qui peut se d\u00e9velopper en cyclone&nbsp;: au figur\u00e9, le terme caract\u00e9rise le vertige de l\u2019\u00e2me tortur\u00e9e ou la tourmente politique que provoquent des perturbateurs de la r\u00e9publique. <\/p>\n\n\n\n<p>Le principe de perturbation manifeste ainsi sa puissance universelle, au niveau des affaires humaines et au sein des ph\u00e9nom\u00e8nes naturels, dont les intemp\u00e9ries ne sont qu\u2019un \u00e9piph\u00e9nom\u00e8ne. En plus d&#8217;assumer le principe de contradiction qui en proc\u00e8de, il faudrait donc assumer le principe de perturbation.<\/p>\n\n\n\n<blockquote class=\"wp-block-quote has-text-align-center is-layout-flow wp-block-quote-is-layout-flow\"><p><em>profession de foi critique<\/em><\/p><\/blockquote>\n\n\n\n<p class=\"has-text-align-left\">&#8230; la perturbation est au principe de la vie. Le trouble au c\u0153ur de la vie personnelle ou le trouble de l&#8217;ordre public sont en gestation de nouvelles formes de vie. Au lieu de s&#8217;en effrayer, il faudrait, par principe, assumer les perturbations en cours et s&#8217;ouvrir \u00e0 l&#8217;exp\u00e9rience perturbante de l&#8217;alt\u00e9rit\u00e9. L\u2019art d\u2019interpr\u00e9ter vise, en ce sens, \u00e0 accueillir l\u2019alt\u00e9rit\u00e9, au niveau individuel des \u00e9preuves de l&#8217;amour et du deuil, tout comme au niveau collectif de la trag\u00e9die des guerres et des r\u00e9volutions. Face aux perturbations en tout genre, deux options s&#8217;offrent : <\/p>\n\n\n<p style=\"padding-left: 40px; text-align: left;\"><span style=\"color: #0000ff;\">l&#8217;optique <em>sociale<\/em> d&#8217;une \u00e9thique du diff\u00e9rend amical et d&#8217;une politique du conflit social <\/span><br><span style=\"color: #0000ff;\">&nbsp;&nbsp;&nbsp;&nbsp;&nbsp;&nbsp;&nbsp;&nbsp;&nbsp;&nbsp;&nbsp;&nbsp;&nbsp;&nbsp;&nbsp;&nbsp;&nbsp;&nbsp;&nbsp;&nbsp;&nbsp;&nbsp;&nbsp;&nbsp;&nbsp;&nbsp;&nbsp;&nbsp;&nbsp;&nbsp;&nbsp;&nbsp;&nbsp;&nbsp;&nbsp;&nbsp;&nbsp;&nbsp;&nbsp;&nbsp;&nbsp;&nbsp;&nbsp;&nbsp;&nbsp;&nbsp;&nbsp; ou, au contraire, <\/span><br><span style=\"color: #0000ff;\">l&#8217;optique <em>antisociale<\/em> de l&#8217;intensification pol\u00e9mique de la violence antisociale et\/ou de l&#8217;hostilit\u00e9 personnelle.<\/span><\/p>\n\n\n<p class=\"has-text-align-left\">\u00c0 notre \u00e9poque, le processus pol\u00e9mique de soumission g\u00e9n\u00e9ralis\u00e9e des populations d&#8217;individus est devenu h\u00e9g\u00e9monique sous la triple cat\u00e9gorie de la domination despotique, de l&#8217;exploitation \u00e9conomique et de l&#8217;ali\u00e9nation culturelle. La vie personnelle des individus sociaux \u00e9tant configur\u00e9e par la vie publique des collectifs, le diagnostic de l&#8217;\u00e9poque que ce site rend public porte, en premier lieu et principalement, sur la dimension collective de ce processus pol\u00e9mique. Il s&#8217;agirait &#8211; c&#8217;est le projet critique &#8211; de le perturber par un mouvement social de facture politique qui s&#8217;engagerait, \u00e0 l&#8217;inverse, dans le sens de l&#8217;\u00e9mancipation.<\/p>\n\n\n\n<p>Un diagnostic d\u2019\u00e9poque doit, \u00e0 cet \u00e9gard, imp\u00e9rativement distinguer entre <em>processus<\/em> et <em>mouvement<\/em>. Le processus actuellement en cours dans le monde est une &#8220;politique&#8221; de globalisation plan\u00e9taire qui r\u00e9pond \u00e0 l\u2019exigence qu\u2019a le Capital transnational d\u2019exploiter les \u00ab&nbsp;ressources&nbsp;\u00bb tout autant naturelles qu\u2019humaines. Un mouvement socio-politique d\u2019\u00e9mancipation ne peut que s\u2019opposer, en et par principe, \u00e0 un tel processus de domination globalitaire. L\u2019objectif du diagnostic serait de d\u00e9terminer si l\u2019\u00e9poque est en gestation d\u2019un tel mouvement de r\u00e9sistance au processus de soumission pol\u00e9mique des forces sociales et politiques qui s&#8217;impose \u00e0 l&#8217;heure actuelle.<\/p>\n\n\n\n<p>Cette d\u00e9claration de principe constitue une profession de foi en faveur de la cr\u00e9ation social-historique de formes de vie sociale et politique qui seraient susceptibles de bouleverser les rapports actuellement dominants. L&#8217;humain \u00e9tant devenu au cours du temps le perturbateur principal des relations sur Terre, l&#8217;analyse de la situation actuelle \u00e9quivaut \u00e0 un diagnostic des rapports que les cultures humaines entretiennent avec la nature et entre elles. Le processus, actuellement en cours, de destruction des liens sociaux se produit sur ces deux  plans : sur le plan, dit \u00e9cologique, mais tout autant social, des interactions naturelles (au sein du complexe de vie entre \u00eatres anim\u00e9s et inanim\u00e9s, entre min\u00e9raux, v\u00e9g\u00e9taux et animaux) ; et sur le plan, dit politique, qui est proprement humain, des relations culturelles ou sociales (entre les diff\u00e9rentes soci\u00e9t\u00e9s et \u00e0 l&#8217;int\u00e9rieur de chacune d&#8217;entre elles). <\/p>\n\n\n\n<p>Le projet d\u2019\u00e9laborer une <em>th\u00e9orie critique<\/em> des syst\u00e8mes de soumission, actuellement h\u00e9g\u00e9moniques dans le monde entier, suppose d\u2019interroger les soci\u00e9t\u00e9s \u00e0 pr\u00e9sent confront\u00e9es au processus pol\u00e9mique de globalisation n\u00e9olib\u00e9rale du syst\u00e8me capitaliste et productiviste, en adoptant plusieurs angles d\u2019analyse, \u00e0 savoir&nbsp;: <\/p>\n\n\n\n<p class=\"has-text-align-left\"><span class=\"has-inline-color has-bright-blue-color\">1) le niveau fondamental de leur inscription \u00e9cologique dans la nature, <br>2) le plan de leur constitution intrins\u00e8que comme syst\u00e8me (anti)social <br>et 3) le niveau de leurs relations mutuelles au niveau mondial.<\/span><\/p>\n\n\n\n<p>Il s&#8217;agit d&#8217;avancer dans la compr\u00e9hension des processus sociopolitiques, socio-\u00e9conomiques et socioculturels, comme dans l&#8217;analyse des ressorts pulsionnels qui sont actifs dans les soci\u00e9t\u00e9s contemporaines, et ce dans l\u2019objectif d\u2019en d\u00e9gager le potentiel \u00e9mancipatoire tout autant que d&#8217;\u00e9lucider ce qui l\u2019entrave. Les rubriques du site en ressortent : <\/p>\n\n\n\n<ul class=\"wp-block-list\"><li><em><a href=\"https:\/\/www.per-turbas.fr\/index.php\/phusis\/\">physis <\/a><\/em>(nature), comme objet d&#8217;une philosophie de la nature, qui refuse sa r\u00e9duction \u00e0 la mati\u00e8re ; <\/li><li><em><a href=\"https:\/\/www.per-turbas.fr\/index.php\/societas\/\">societas <\/a><\/em>(soci\u00e9t\u00e9), comme objet d&#8217;une philosophie du sens social, qui reconna\u00eet, au fondement de toute soci\u00e9t\u00e9, la matrice ancestrale du don contre don pour l&#8217;opposer \u00e0 la logique antisociale du syst\u00e8me de soumission pol\u00e9mique qui domine les soci\u00e9t\u00e9s actuelles ;<\/li><li><em><a href=\"https:\/\/www.per-turbas.fr\/index.php\/polis\/\">polis<\/a><\/em> (cit\u00e9), comme objet d&#8217;une philosophie du sens politique, qui d\u00e9construit la confusion entre conflit et guerre ; <\/li><li><a href=\"https:\/\/www.per-turbas.fr\/index.php\/polemos\/\"><em>p\u00f3lemos<\/em> <\/a>(guerre), comme objet corollaire d&#8217;une th\u00e9orie critique de la soci\u00e9t\u00e9 politique, qui r\u00e9cuse la logique pol\u00e9mique ; <\/li><li><a href=\"https:\/\/www.per-turbas.fr\/index.php\/inconscient\/\"><em>inconscient<\/em> <\/a><em>vs <\/em><a href=\"https:\/\/www.per-turbas.fr\/index.php\/psyche\/\"><em>psych\u00e8<\/em> <\/a>(souffle ou esprit pulsionnel), comme objet d&#8217;une r\u00e9flexion de facture psychanalytique sur le tr\u00e9fonds pulsionnel du syst\u00e8me psychique des individus et des collectifs ; <\/li><li><em><a href=\"https:\/\/www.per-turbas.fr\/?page_id=1268\">ethos<\/a> <\/em>(mani\u00e8re d&#8217;\u00eatre au monde), comme objet d&#8217;une philosophie du sens \u00e9thique, qui rejette moralisme et conformisme ;<\/li><li>en contrepoint, <a href=\"https:\/\/www.per-turbas.fr\/index.php\/hermeneutique\/\"><em>hermeneuia<\/em> <\/a>(interpr\u00e9tation), comme objet d&#8217;une discipline de r\u00e9flexion m\u00e9thodique sur la mani\u00e8re d&#8217;envisager les ph\u00e9nom\u00e8nes et les textes.<\/li><\/ul>\n","protected":false},"excerpt":{"rendered":"<p>D\u00e9cr\u00e9t\u00e9 dans le monde entier depuis mars 2020, l&#8217;\u00e9tat d&#8217;urgence sanitaire est un bel exemple de perturbation, dont l&#8217;origine dispara\u00eet dans les limbes de l&#8217;histoire naturelle et socioculturelle des virus &hellip; <a href=\"https:\/\/www.per-turbas.fr\/index.php\/per-turbas\/\" class=\"more-link\">Continue reading<span class=\"screen-reader-text\"> &#8220;per turbas ?&#8221;<\/span><\/a><\/p>\n","protected":false},"author":1,"featured_media":0,"parent":0,"menu_order":0,"comment_status":"closed","ping_status":"closed","template":"","meta":{"footnotes":""},"class_list":["post-783","page","type-page","status-publish","hentry"],"yoast_head":"<!-- This site is optimized with the Yoast SEO plugin v27.5 - https:\/\/yoast.com\/product\/yoast-seo-wordpress\/ -->\n<title>per turbas ? - per turbas<\/title>\n<meta name=\"description\" content=\"turba perturbation philosophie politique mouvement mobilisation soci\u00e9t\u00e9 inconscient psychanalyse ethnologie anthropologie pol\u00e9mique nature Clastres Kant per-turbas\" \/>\n<meta name=\"robots\" content=\"index, follow, max-snippet:-1, max-image-preview:large, max-video-preview:-1\" \/>\n<link rel=\"canonical\" href=\"https:\/\/www.per-turbas.fr\/index.php\/per-turbas\/\" \/>\n<meta property=\"og:locale\" content=\"en_US\" \/>\n<meta property=\"og:type\" content=\"article\" \/>\n<meta property=\"og:title\" content=\"per turbas ? - per turbas\" \/>\n<meta property=\"og:description\" content=\"turba perturbation philosophie politique mouvement mobilisation soci\u00e9t\u00e9 inconscient psychanalyse ethnologie anthropologie pol\u00e9mique nature Clastres Kant per-turbas\" \/>\n<meta property=\"og:url\" content=\"https:\/\/www.per-turbas.fr\/index.php\/per-turbas\/\" \/>\n<meta property=\"og:site_name\" content=\"per turbas\" \/>\n<meta property=\"article:modified_time\" content=\"2021-09-11T14:15:41+00:00\" \/>\n<meta name=\"twitter:card\" content=\"summary_large_image\" \/>\n<meta name=\"twitter:label1\" content=\"Est. reading time\" \/>\n\t<meta name=\"twitter:data1\" content=\"5 minutes\" \/>\n<script type=\"application\/ld+json\" class=\"yoast-schema-graph\">{\"@context\":\"https:\\\/\\\/schema.org\",\"@graph\":[{\"@type\":\"WebPage\",\"@id\":\"https:\\\/\\\/www.per-turbas.fr\\\/index.php\\\/per-turbas\\\/\",\"url\":\"https:\\\/\\\/www.per-turbas.fr\\\/index.php\\\/per-turbas\\\/\",\"name\":\"per turbas ? - per turbas\",\"isPartOf\":{\"@id\":\"https:\\\/\\\/www.per-turbas.fr\\\/#website\"},\"datePublished\":\"2020-08-20T09:37:00+00:00\",\"dateModified\":\"2021-09-11T14:15:41+00:00\",\"description\":\"turba perturbation philosophie politique mouvement mobilisation soci\u00e9t\u00e9 inconscient psychanalyse ethnologie anthropologie pol\u00e9mique nature Clastres Kant per-turbas\",\"breadcrumb\":{\"@id\":\"https:\\\/\\\/www.per-turbas.fr\\\/index.php\\\/per-turbas\\\/#breadcrumb\"},\"inLanguage\":\"en-US\",\"potentialAction\":[{\"@type\":\"ReadAction\",\"target\":[\"https:\\\/\\\/www.per-turbas.fr\\\/index.php\\\/per-turbas\\\/\"]}]},{\"@type\":\"BreadcrumbList\",\"@id\":\"https:\\\/\\\/www.per-turbas.fr\\\/index.php\\\/per-turbas\\\/#breadcrumb\",\"itemListElement\":[{\"@type\":\"ListItem\",\"position\":1,\"name\":\"Accueil\",\"item\":\"https:\\\/\\\/www.per-turbas.fr\\\/\"},{\"@type\":\"ListItem\",\"position\":2,\"name\":\"per turbas ?\"}]},{\"@type\":\"WebSite\",\"@id\":\"https:\\\/\\\/www.per-turbas.fr\\\/#website\",\"url\":\"https:\\\/\\\/www.per-turbas.fr\\\/\",\"name\":\"per turbas\",\"description\":\"le site philosophique de Christian Ferri\u00e9\",\"publisher\":{\"@id\":\"https:\\\/\\\/www.per-turbas.fr\\\/#\\\/schema\\\/person\\\/f9d39376436e76bb0cb2e044e2d2b73d\"},\"potentialAction\":[{\"@type\":\"SearchAction\",\"target\":{\"@type\":\"EntryPoint\",\"urlTemplate\":\"https:\\\/\\\/www.per-turbas.fr\\\/?s={search_term_string}\"},\"query-input\":{\"@type\":\"PropertyValueSpecification\",\"valueRequired\":true,\"valueName\":\"search_term_string\"}}],\"inLanguage\":\"en-US\"},{\"@type\":[\"Person\",\"Organization\"],\"@id\":\"https:\\\/\\\/www.per-turbas.fr\\\/#\\\/schema\\\/person\\\/f9d39376436e76bb0cb2e044e2d2b73d\",\"name\":\"CF-\u00e9dition\",\"image\":{\"@type\":\"ImageObject\",\"inLanguage\":\"en-US\",\"@id\":\"https:\\\/\\\/secure.gravatar.com\\\/avatar\\\/65f88c205a5c581bca7da880d8b1f9ca1f4b8c3d0229d2ed9b48acc1ee61ea6b?s=96&d=mm&r=g\",\"url\":\"https:\\\/\\\/secure.gravatar.com\\\/avatar\\\/65f88c205a5c581bca7da880d8b1f9ca1f4b8c3d0229d2ed9b48acc1ee61ea6b?s=96&d=mm&r=g\",\"contentUrl\":\"https:\\\/\\\/secure.gravatar.com\\\/avatar\\\/65f88c205a5c581bca7da880d8b1f9ca1f4b8c3d0229d2ed9b48acc1ee61ea6b?s=96&d=mm&r=g\",\"caption\":\"CF-\u00e9dition\"},\"logo\":{\"@id\":\"https:\\\/\\\/secure.gravatar.com\\\/avatar\\\/65f88c205a5c581bca7da880d8b1f9ca1f4b8c3d0229d2ed9b48acc1ee61ea6b?s=96&d=mm&r=g\"}}]}<\/script>\n<!-- \/ Yoast SEO plugin. -->","yoast_head_json":{"title":"per turbas ? - per turbas","description":"turba perturbation philosophie politique mouvement mobilisation soci\u00e9t\u00e9 inconscient psychanalyse ethnologie anthropologie pol\u00e9mique nature Clastres Kant per-turbas","robots":{"index":"index","follow":"follow","max-snippet":"max-snippet:-1","max-image-preview":"max-image-preview:large","max-video-preview":"max-video-preview:-1"},"canonical":"https:\/\/www.per-turbas.fr\/index.php\/per-turbas\/","og_locale":"en_US","og_type":"article","og_title":"per turbas ? - per turbas","og_description":"turba perturbation philosophie politique mouvement mobilisation soci\u00e9t\u00e9 inconscient psychanalyse ethnologie anthropologie pol\u00e9mique nature Clastres Kant per-turbas","og_url":"https:\/\/www.per-turbas.fr\/index.php\/per-turbas\/","og_site_name":"per turbas","article_modified_time":"2021-09-11T14:15:41+00:00","twitter_card":"summary_large_image","twitter_misc":{"Est. reading time":"5 minutes"},"schema":{"@context":"https:\/\/schema.org","@graph":[{"@type":"WebPage","@id":"https:\/\/www.per-turbas.fr\/index.php\/per-turbas\/","url":"https:\/\/www.per-turbas.fr\/index.php\/per-turbas\/","name":"per turbas ? - per turbas","isPartOf":{"@id":"https:\/\/www.per-turbas.fr\/#website"},"datePublished":"2020-08-20T09:37:00+00:00","dateModified":"2021-09-11T14:15:41+00:00","description":"turba perturbation philosophie politique mouvement mobilisation soci\u00e9t\u00e9 inconscient psychanalyse ethnologie anthropologie pol\u00e9mique nature Clastres Kant per-turbas","breadcrumb":{"@id":"https:\/\/www.per-turbas.fr\/index.php\/per-turbas\/#breadcrumb"},"inLanguage":"en-US","potentialAction":[{"@type":"ReadAction","target":["https:\/\/www.per-turbas.fr\/index.php\/per-turbas\/"]}]},{"@type":"BreadcrumbList","@id":"https:\/\/www.per-turbas.fr\/index.php\/per-turbas\/#breadcrumb","itemListElement":[{"@type":"ListItem","position":1,"name":"Accueil","item":"https:\/\/www.per-turbas.fr\/"},{"@type":"ListItem","position":2,"name":"per turbas ?"}]},{"@type":"WebSite","@id":"https:\/\/www.per-turbas.fr\/#website","url":"https:\/\/www.per-turbas.fr\/","name":"per turbas","description":"le site philosophique de Christian Ferri\u00e9","publisher":{"@id":"https:\/\/www.per-turbas.fr\/#\/schema\/person\/f9d39376436e76bb0cb2e044e2d2b73d"},"potentialAction":[{"@type":"SearchAction","target":{"@type":"EntryPoint","urlTemplate":"https:\/\/www.per-turbas.fr\/?s={search_term_string}"},"query-input":{"@type":"PropertyValueSpecification","valueRequired":true,"valueName":"search_term_string"}}],"inLanguage":"en-US"},{"@type":["Person","Organization"],"@id":"https:\/\/www.per-turbas.fr\/#\/schema\/person\/f9d39376436e76bb0cb2e044e2d2b73d","name":"CF-\u00e9dition","image":{"@type":"ImageObject","inLanguage":"en-US","@id":"https:\/\/secure.gravatar.com\/avatar\/65f88c205a5c581bca7da880d8b1f9ca1f4b8c3d0229d2ed9b48acc1ee61ea6b?s=96&d=mm&r=g","url":"https:\/\/secure.gravatar.com\/avatar\/65f88c205a5c581bca7da880d8b1f9ca1f4b8c3d0229d2ed9b48acc1ee61ea6b?s=96&d=mm&r=g","contentUrl":"https:\/\/secure.gravatar.com\/avatar\/65f88c205a5c581bca7da880d8b1f9ca1f4b8c3d0229d2ed9b48acc1ee61ea6b?s=96&d=mm&r=g","caption":"CF-\u00e9dition"},"logo":{"@id":"https:\/\/secure.gravatar.com\/avatar\/65f88c205a5c581bca7da880d8b1f9ca1f4b8c3d0229d2ed9b48acc1ee61ea6b?s=96&d=mm&r=g"}}]}},"_links":{"self":[{"href":"https:\/\/www.per-turbas.fr\/index.php\/wp-json\/wp\/v2\/pages\/783","targetHints":{"allow":["GET"]}}],"collection":[{"href":"https:\/\/www.per-turbas.fr\/index.php\/wp-json\/wp\/v2\/pages"}],"about":[{"href":"https:\/\/www.per-turbas.fr\/index.php\/wp-json\/wp\/v2\/types\/page"}],"author":[{"embeddable":true,"href":"https:\/\/www.per-turbas.fr\/index.php\/wp-json\/wp\/v2\/users\/1"}],"replies":[{"embeddable":true,"href":"https:\/\/www.per-turbas.fr\/index.php\/wp-json\/wp\/v2\/comments?post=783"}],"version-history":[{"count":0,"href":"https:\/\/www.per-turbas.fr\/index.php\/wp-json\/wp\/v2\/pages\/783\/revisions"}],"wp:attachment":[{"href":"https:\/\/www.per-turbas.fr\/index.php\/wp-json\/wp\/v2\/media?parent=783"}],"curies":[{"name":"wp","href":"https:\/\/api.w.org\/{rel}","templated":true}]}}