{"id":53,"date":"2020-07-29T09:31:25","date_gmt":"2020-07-29T07:31:25","guid":{"rendered":"http:\/\/www.per-turbas.fr\/?page_id=53"},"modified":"2022-03-20T18:14:14","modified_gmt":"2022-03-20T17:14:14","slug":"polis","status":"publish","type":"page","link":"https:\/\/www.per-turbas.fr\/index.php\/polis\/","title":{"rendered":"polis"},"content":{"rendered":"\n<figure class=\"wp-block-pullquote\"><blockquote><p>Hostile \u00e0 ce qui est humain, la propagande pr\u00e9suppose que le principe d&#8217;apr\u00e8s lequel la politique doit na\u00eetre d&#8217;une vision commune, ne serait qu&#8217;une fa\u00e7on de parler<\/p><cite><em>Max Horkheimer, &#8220;Propagande&#8221;, Notes critiques \u00e0 la Dialectique des Lumi\u00e8res (1946)<\/em><\/cite><\/blockquote><\/figure>\n\n\n\n<h3 class=\"has-text-align-center wp-block-heading\"><span class=\"has-inline-color has-bright-red-color\">le sens du politique<\/span><\/h3>\n\n\n\n<p>Il n&#8217;est pas anodin d&#8217;engager la r\u00e9flexion sur le sens du politique \u00e0 partir du terme <em>polis<\/em>, qui d\u00e9signe une cit\u00e9 administr\u00e9e par une communaut\u00e9 citoyenne de mani\u00e8re relativement autonome. Car l&#8217;usage du terme <em>politique<\/em>, au sens strict et fort de l&#8217;<em>isonomia<\/em> et de la <em>demokratia<\/em> pratiqu\u00e9es dans les cit\u00e9s antiques, tranche avec l&#8217;emploi faible et indiff\u00e9renci\u00e9 du terme pour d\u00e9signer, \u00e0 notre \u00e9poque, tout syst\u00e8me organisant la vie publique d&#8217;une soci\u00e9t\u00e9 sur un territoire d\u00e9termin\u00e9 en fixant la modalit\u00e9 de la prise de d\u00e9cision, dite politique, par le pouvoir souverain. Y a-t-il une commune mesure entre ces diff\u00e9rents sens du terme politique ?<\/p>\n\n\n\n<pre class=\"wp-block-preformatted\"><a href=\"https:\/\/www.per-turbas.fr\/index.php\/2022\/01\/10\/la-politique-ou-la-guerre\/\" target=\"_blank\" rel=\"noreferrer noopener\">La politique <em>ou <\/em>la guerre ?<\/a> (2021) <\/pre>\n\n\n\n<p>Elle-m\u00eame politique, la d\u00e9cision th\u00e9orique de mettre en avant le sens normatif du terme <em>polis<\/em>, au d\u00e9triment de l&#8217;usage descriptif et indiff\u00e9renci\u00e9 du terme &#8220;politique&#8221;, permet de reconna\u00eetre l&#8217;opposition de principe entre un syst\u00e8me pr\u00e9tendument politique, qui vise \u00e0 la soumission antisociale des sujets socialis\u00e9s, et un mouvement v\u00e9ritablement politique de collectifs citoyens, qui vise \u00e0 s&#8217;en \u00e9manciper pour instituer un autre type de soci\u00e9t\u00e9. Par suite, la r\u00e9flexion sur les sens du politique est n\u00e9cessairement articul\u00e9e \u00e0 celles sur les sens du social (<em>cf<\/em>. <em><a href=\"https:\/\/www.per-turbas.fr\/index.php\/societas\/\">societas<\/a><\/em>) et sur les sens de la guerre (<em>cf<\/em>. <em><em><a href=\"https:\/\/www.per-turbas.fr\/index.php\/polemos\/\">p\u00f3lemos<\/a><\/em><\/em>). Encore faut-il \u00e9viter toute confusion, en particulier entre pol\u00e9mique et politique.<\/p>\n\n\n\n<p>C&#8217;est d&#8217;autant plus urgent et n\u00e9cessaire \u00e0 propos de la guerre, dont la modalit\u00e9 contemporaine est sans commune mesure avec la guerre primitive. Car la guerre de scission que pratiquaient les tribus dites primitives \u00e9tait un dispositif inconscient pour entraver l&#8217;irruption d&#8217;un syst\u00e8me de soumission des tribus \u00e0 un pouvoir s\u00e9par\u00e9 de la soci\u00e9t\u00e9, la <em>pax inca\u00efca<\/em> impliquant le r\u00e8gne despotique de l&#8217;Inca sur sa propre tribu autant que sur les autres tribus : <em>originairement<\/em>, la guerre \u00e9tait une pratique politique de la soci\u00e9t\u00e9 sauvage qui entravait la fusion des tribus en une nation hi\u00e9rarchiquement divis\u00e9e en castes ou en classes. En un sens \u00e9largi du terme, la guerre primitive \u00e9tait donc une forme paradoxale de politique, men\u00e9e par la soci\u00e9t\u00e9 contre l&#8217;\u00e9mergence de l&#8217;\u00c9tat. <\/p>\n\n\n\n<p>Gr\u00e2ce \u00e0 ce d\u00e9centrement ethnologique auquel nous invite l&#8217;anthropologie politique de <a href=\"https:\/\/www.per-turbas.fr\/index.php\/polis\/clastres-politique\/2\/\">Clastres<\/a>, le terme <em>politeia<\/em> n&#8217;est plus entendu dans le sens strict que lui donne le grec ancien, mais dans un sens suffisamment large pour exclure tout ethnocentrisme et, donc, inclure la politique primitive des tribus sauvages. Il n&#8217;est pas besoin d&#8217;une <em>polis<\/em> pour que politique se fasse. Il suffit d&#8217;une association en groupes d&#8217;individus qui s&#8217;entendent, malgr\u00e9 leurs conflits, \u00e0 respecter les r\u00e8gles sociales de l&#8217;\u00e9change de dons contre dons (Mauss), que ce soit \u00e0 l&#8217;int\u00e9rieur du groupe ou entre groupes, qu&#8217;il s&#8217;agisse d&#8217;\u00e9change de biens entre groupes amis ou qu&#8217;il soit question, au contraire, d&#8217;\u00e9change de coups entre camps ennemis. Une th\u00e9orie critique de la soci\u00e9t\u00e9 politique ne peut faire l&#8217;impasse sur ce sens perdu du politique qu&#8217;il s&#8217;agirait de retrouver.<\/p>\n\n\n\n<p>Le danger qui menace notre \u00e9poque, c\u2019est de perdre le sens m\u00eame du politique. Les Temps modernes \u00e9tant une \u00e9poque de guerres et de r\u00e9volutions violentes, l\u2019essence du politique y est en effet pratiquement imperceptible&nbsp;: le sens pol\u00e9mique imput\u00e9 au terme <em>politique<\/em> l\u2019emporte dans les esprits. En contrepoint, la globalisation des \u00e9conomies locales et nationales tend \u00e0 enlever tout pouvoir de d\u00e9cision aux instances politiques qui r\u00e9gissent les \u00c9tats (gouvernements, parlements, etc.). Les responsables des politiques gouvernementales doivent d\u00e9sormais g\u00e9rer les n\u00e9cessit\u00e9s&nbsp;: le sens administratif attribu\u00e9 au terme <em>politique<\/em> par les cercles politiciens et m\u00e9diatiques domine la vie publique des soci\u00e9t\u00e9s actuelles. <\/p>\n\n\n\n<p>Des ph\u00e9nom\u00e8nes de facture radicalement diff\u00e9rente, comme la guerre ou la diplomatie, l&#8217;administration des affaires publiques ou sa gestion bureaucratique, sont regroup\u00e9s  sous la m\u00eame cat\u00e9gorie du politique. C\u2019est insens\u00e9 d\u2019un point de vue <em>proprement<\/em> politique&nbsp;: la d\u00e9limitation commune du champ politique implique des confusions qu\u2019il conviendrait de dissiper en introduisant des distinctions normatives. C\u2019est l\u2019objectif premier de la <em>th\u00e9orie critique du politique<\/em> qu&#8217;il s&#8217;agit de pr\u00e9senter ici : d\u00e9gager le <em>principe du politique<\/em> en le d\u00e9marquant de toute forme d\u2019activit\u00e9 pol\u00e9mique ou bureaucratique. <\/p>\n\n\n\n<p>Il faut prendre position \u00e0 la fois contre la destruction pol\u00e9miste du politique et contre sa r\u00e9duction ir\u00e9niste \u00e0 l\u2019administration bureaucratis\u00e9e des affaires publiques. Contre le non-sens pol\u00e9mique et le contre-sens bureaucratique, il convient de redonner au terme <em>politique<\/em> son sens propre en replongeant \u00e0 sa source grecque. Aux antipodes de la domination, la <em>polis<\/em> constitue une association autonome de citoyens qui se gouvernent mutuellement et participent activement \u00e0 l\u2019administration des affaires publiques. Dans un syst\u00e8me (anti)social, cela passe \u00e0 la fois par une lutte politique entre partenaires (<em><em><em>ag\u00f4n<\/em><\/em><\/em>) et par un combat de type politique entre adversaires en conflit (<em><em><em>\u00e9ris<\/em><\/em><\/em>), deux formes de confrontation qui sont sans commune mesure avec l&#8217;affrontement arm\u00e9 de la guerre (<em><em><em>p\u00f3lemos<\/em><\/em><\/em>).<\/p>\n\n\n\n<p class=\"has-text-align-center\">*<\/p>\n\n\n\n<p>Une th\u00e9orie critique de la soci\u00e9t\u00e9 politique, qui vise \u00e0 d\u00e9finir l&#8217;<em>essence <\/em>du politique, doit discerner <em>les sens<\/em> contradictoires qui sont donn\u00e9s au terme &#8220;politique&#8221;. L&#8217;antinomie sur les sens du politique se r\u00e9duit, sch\u00e9matiquement, \u00e0 l&#8217;opposition radicale entre deux termes :<\/p>\n\n\n<p style=\"padding-left: 80px;\"><span style=\"color: #0000ff;\">dominer pour soumettre !<\/span><br><span style=\"color: #0000ff;\">&nbsp;&nbsp;&nbsp;&nbsp;&nbsp;&nbsp;&nbsp;&nbsp;&nbsp;&nbsp;&nbsp;&nbsp;&nbsp;&nbsp;&nbsp;&nbsp;&nbsp;&nbsp; ou bien <\/span><br><span style=\"color: #0000ff;\">s&#8217;associer pour s&#8217;\u00e9manciper&#8230;<\/span><\/p>\n\n\n<p>Or l&#8217;usage d&#8217;un m\u00eame terme dans des sens oppos\u00e9s ne peut qu&#8217;engendrer toute une s\u00e9rie de confusions qu&#8217;il convient de lever. Au vu de la toute-puissance du processus pol\u00e9mique \u00e0 l&#8217;\u00e9poque moderne, il convient, en premier lieu, de r\u00e9futer la confusion entre guerre et politique, de fa\u00e7on \u00e0 substituer \u00e0 la dissolution pol\u00e9mique du politique une th\u00e9orie critique du conflit, qui discerne diff\u00e9rents types de confrontation et distingue en particulier deux formes de politique : l&#8217;agonistique entre partenaires et l&#8217;\u00e9ristique entre adversaires (<a href=\"https:\/\/www.per-turbas.fr\/index.php\/polis\/2\/\">p. 2<\/a>). En second lieu, il faut r\u00e9cuser la r\u00e9duction de la politique, souveraine, \u00e0 l&#8217;administration des affaires publiques, alors qu&#8217;il ne s&#8217;agit que d&#8217;un simple moyen, de surcro\u00eet destin\u00e9 \u00e0 se bureaucratiser si une dynamique politique ne la r\u00e9g\u00e9n\u00e8re pas p\u00e9riodiquement (<a href=\"https:\/\/www.per-turbas.fr\/index.php\/polis\/3\/\">p. 3<\/a>). La dynamique politique pouvant elle-m\u00eame prendre la forme bureaucratis\u00e9e d&#8217;une mobilisation populiste, la r\u00e9flexion sur l&#8217;engagement civique ou citoyen implique une th\u00e9orie critique du mouvement politique (<a href=\"https:\/\/www.per-turbas.fr\/index.php\/polis\/4\/\">p. 4<\/a>). Or la th\u00e9orie critique du politique n&#8217;entend dissiper toutes ces confusions que dans l&#8217;objectif de contribuer \u00e0 d\u00e9gager la perspective pratique d&#8217;un mouvement effectif d&#8217;\u00e9mancipation qui s&#8217;engage, de mani\u00e8re forc\u00e9ment autonome, contre la soumission (anti)sociale \u00e0 un syst\u00e8me intrins\u00e8quement h\u00e9t\u00e9ronome  : r\u00e9cusant la dichotomie construite entre r\u00e9forme et r\u00e9volution, la th\u00e9orie critique de l&#8217;\u00e9mancipation qu&#8217;il s&#8217;agit d&#8217;esquisser d\u00e9fend l&#8217;option subversive d&#8217;un r\u00e9formisme r\u00e9volutionnaire comme voie politique pour initier un tel mouvement instituant (<a href=\"https:\/\/www.per-turbas.fr\/index.php\/polis\/5\/\">p. 5<\/a>). Ce sont les diff\u00e9rents moments de la r\u00e9flexion men\u00e9e sur le sens du politique : <\/p>\n\n\n<ol>\n<li style=\"list-style-type: none;\">\n<ol>\n<li style=\"list-style-type: none;\">\n<ol>\n<li style=\"list-style-type: none;\">\n<ol>\n<li><span style=\"color: #0000ff;\"><a href=\"https:\/\/www.per-turbas.fr\/index.php\/polis\/2\/\">la politique contre la guerre<\/a> (p. 2) ;<\/span><\/li>\n<li><span style=\"color: #0000ff;\"><a href=\"https:\/\/www.per-turbas.fr\/index.php\/polis\/3\/\">les sens du politique<\/a> (p. 3) ;<br><\/span><\/li>\n<li><span style=\"color: #0000ff;\"><a href=\"https:\/\/www.per-turbas.fr\/index.php\/polis\/4\/\">th\u00e9orie critique du mouvement politique<\/a> (p. 4) ;<\/span><\/li>\n<li><span style=\"color: #0000ff;\"><a href=\"https:\/\/www.per-turbas.fr\/index.php\/polis\/5\/\">th\u00e9orie critique de l\u2019\u00e9mancipation<\/a> (p. 5).<br><\/span><\/li>\n<\/ol>\n<\/li>\n<\/ol>\n<\/li>\n<\/ol>\n<\/li>\n<\/ol>\n\n\n<!--nextpage-->\n\n\n\n<figure class=\"wp-block-image size-large\"><img loading=\"lazy\" decoding=\"async\" width=\"1024\" height=\"655\" src=\"https:\/\/www.per-turbas.fr\/wp-content\/uploads\/2022\/01\/CF-2021-couv-et-4e-Guerre-ou-Politique-1024x655.jpg\" alt=\"\" class=\"wp-image-2730\" srcset=\"https:\/\/www.per-turbas.fr\/wp-content\/uploads\/2022\/01\/CF-2021-couv-et-4e-Guerre-ou-Politique-1024x655.jpg 1024w, https:\/\/www.per-turbas.fr\/wp-content\/uploads\/2022\/01\/CF-2021-couv-et-4e-Guerre-ou-Politique-300x192.jpg 300w, https:\/\/www.per-turbas.fr\/wp-content\/uploads\/2022\/01\/CF-2021-couv-et-4e-Guerre-ou-Politique-768x491.jpg 768w, https:\/\/www.per-turbas.fr\/wp-content\/uploads\/2022\/01\/CF-2021-couv-et-4e-Guerre-ou-Politique-1536x982.jpg 1536w, https:\/\/www.per-turbas.fr\/wp-content\/uploads\/2022\/01\/CF-2021-couv-et-4e-Guerre-ou-Politique-2048x1310.jpg 2048w, https:\/\/www.per-turbas.fr\/wp-content\/uploads\/2022\/01\/CF-2021-couv-et-4e-Guerre-ou-Politique-1200x767.jpg 1200w\" sizes=\"auto, (max-width: 709px) 85vw, (max-width: 909px) 67vw, (max-width: 1362px) 62vw, 840px\" \/><\/figure>\n\n\n\n<h6 class=\"has-text-align-center wp-block-heading\"><em><span class=\"has-inline-color has-bright-red-color\">La politique contre la guerre<\/span><\/em><\/h6>\n\n\n\n<p>Il s\u2019agit de penser l\u2019essence du politique \u00e0 l\u2019\u00e9poque moderne. L\u2019existence m\u00eame du politique dans l\u2019espace public des soci\u00e9t\u00e9s ne va pas de soi. L\u2019apparition du ph\u00e9nom\u00e8ne politique est soumise aux al\u00e9as historiques d\u2019engagements citoyens qui se heurtent \u00e0 la puissance hostile de syst\u00e8mes de soumission. Les Temps modernes ne font pas exception. Bien au contraire, le champ \u00ab&nbsp;politique&nbsp;\u00bb est m\u00eame, \u00e0 l\u2019heure actuelle, d\u00e9vast\u00e9 par une violence qui explose presque chaque jour sans \u00e9pargner pratiquement aucun recoin de la plan\u00e8te. <\/p>\n\n\n\n<p>Les guillemets autour du terme \u00ab&nbsp;politique&nbsp;\u00bb entendent marquer l\u2019ab\u00eeme qui s\u00e9pare ces violences, anti-politiques au possible, de l\u2019id\u00e9e du politique qu\u2019a inaugur\u00e9 l\u2019institution de la <em>polis<\/em> grecque. Bien plus proche du <em>p\u00f3lemos<\/em>, la guerre qui se d\u00e9cha\u00eene hors des murs de la <em>polis<\/em>, la r\u00e9alit\u00e9 contemporaine de la \u00ab&nbsp;politique&nbsp;\u00bb prend une forme ouvertement <em>pol\u00e9mique<\/em>, au sens propre et fort du terme. Car, sans parler de la criminalit\u00e9 organis\u00e9e, guerres inciviles et massacres en tout genre se conjoignent aux actes de terreur pour placer actuellement le \u00ab&nbsp;politique&nbsp;\u00bb sous le signe de la destruction. Au si\u00e8cle dernier, r\u00e9gimes fascistes et syst\u00e8mes totalitaires avaient d\u00e9j\u00e0 d\u00e9voy\u00e9 l\u2019id\u00e9e m\u00eame de politique, pr\u00e9cipitant le monde dans une guerre totale. Il faut le reconna\u00eetre&nbsp;: pendant la modernit\u00e9 \u00ab&nbsp;politique&nbsp;\u00bb, d\u2019incomparables crimes contre l\u2019humanit\u00e9 ont \u00e9t\u00e9 perp\u00e9tr\u00e9s, depuis la <em>Conquista <\/em>jusqu\u2019\u00e0 la <em>Shoah<\/em>. Dans ce contexte, l\u2019\u00e9mancipation sociopolitique des peuples para\u00eet \u00eatre devenue un mythe que les guerres civiles engendr\u00e9es par les pouss\u00e9es r\u00e9volutionnaires contribueraient \u00e0 d\u00e9mystifier. La guerre aurait-elle chass\u00e9 pour toujours la politique de la surface de la Terre ? Ne faudrait-il pas prendre le contrepied de cette conjecture antipolitique en r\u00e9cusant la confusion pol\u00e9miste entre guerre et politique qui la soutient ? <\/p>\n\n\n\n<h6 class=\"has-text-align-center wp-block-heading\">th\u00e9orie critique des formes de conflit<\/h6>\n\n\n\n<p>Pour discerner le lieu sp\u00e9cifique du politique, il convient de d\u00e9marquer la guerre entre ennemis (<em><em>p\u00f3lemos<\/em><\/em>), non seulement de la lutte entre partenaires (<em><em>ag\u00f4n<\/em><\/em>), mais encore et surtout du combat entre adversaires (<em><em>\u00e9ris<\/em><\/em>). La distinction entre les sens divergents du conflit est l&#8217;argument d&#8217;un ouvrage qui travaille \u00e0 r\u00e9futer l&#8217;assimilation de la politique \u00e0 une forme de guerre \u00e0 mots couverts. D&#8217;apr\u00e8s la position qui soutient et entretient cette confusion qu&#8217;on dira <em>pol\u00e9miste<\/em>, ce serait comme si, politique <em>ou <\/em>guerre, \u00e9taient les deux faces d\u2019une seule et m\u00eame chose. L&#8217;objectif politique de ce livre se lit dans son titre : jouant du double sens de la conjonction disjonctive &#8220;<em>ou<\/em>&#8220;, il s&#8217;agit de substituer l\u2019<em>alternative <\/em>entre les options oppos\u00e9es \u00e0 l\u2019<em>\u00e9quivalence <\/em>entre les notions confondues.<\/p>\n\n\n\n<pre class=\"wp-block-preformatted\"><a href=\"https:\/\/www.per-turbas.fr\/index.php\/2022\/01\/10\/la-politique-ou-la-guerre\/\" target=\"_blank\" rel=\"noreferrer noopener\">La politique <em>ou <\/em>la guerre ?<\/a> (2021)<\/pre>\n\n\n\n<p>Cette analyse distingue deux mani\u00e8re de faire de la politique. L\u2019<em>agonistique<\/em>, sociale, est l&#8217;art d&#8217;emp\u00eacher que l&#8217;\u00e9mulation r\u00e9ciproque entre amis ou partenaires d\u00e9g\u00e9n\u00e8re en comp\u00e9tition empreinte de rivalit\u00e9 entre adversaires ou ennemis. C\u2019est la politique originaire qui r\u00e8gne dans les soci\u00e9t\u00e9s indivis\u00e9es, au sein des communaut\u00e9s primitives et m\u00eame entre les communaut\u00e9s alli\u00e9es. Par extension, cette politique agonistique r\u00e9gule les \u00e9changes entre partenaires \u00e0 l\u2019int\u00e9rieur d\u2019une soci\u00e9t\u00e9 hi\u00e9rarchiquement divis\u00e9e par l\u2019antagonisme antisocial entre groupes (castes, classes, etc.) : c&#8217;est l&#8217;art de lutter au sein de son propre camp dans le sens de la composition et coop\u00e9ration des diff\u00e9rentes forces, m\u00eame divergentes, de fa\u00e7on \u00e0 ce que les d\u00e9saccords entre alli\u00e9s politiques en lutte (<em>ag\u00f4n<\/em>) ne d\u00e9g\u00e9n\u00e8rent pas en antagonisme entre partenaires pris pour des adversaires. <\/p>\n\n\n\n<p>Politique d\u00e9riv\u00e9e de la politique originaire de l\u2019agonistique, l\u2019<em>\u00e9ristique<\/em> a pour objectif de contenir l&#8217;antagonisme intrasocial, fond\u00e9 sur la discorde fondamentale \u00e0 propos de l\u2019organisation de la soci\u00e9t\u00e9 divis\u00e9e, entre des groupes qui s&#8217;opposent \u00e0 propos de leur place respective dans la hi\u00e9rarchie antisociale : c&#8217;est l&#8217;art de combattre ses adversaires tout en contenant l&#8217;adversit\u00e9 des forces antagoniques, de fa\u00e7on \u00e0 \u00e9viter que le combat entre camps adverses et, donc, l&#8217;\u00e9change de coups entre groupes en conflit ne d\u00e9g\u00e9n\u00e8rent en guerre civile entre ennemis de classe. Cette politique du rapport de force travaille \u00e0 conjurer la violence de la guerre, \u00e0 la fois au cours de l&#8217;affrontement physique des corps et au niveau de la confrontation symbolique des paroles. \u00c0 ce second niveau, il s&#8217;agit d&#8217;emp\u00eacher que les controverses (<em>\u00e9ris<\/em>) n\u00e9es de la discorde \u00e0 propos de l\u2019antagonisme, antisocial, ne se laissent entra\u00eener dans des pol\u00e9miques, dont la logique antisociale mine et lamine la dynamique proprement politique du conflit intrasocial. Car la strat\u00e9gie m\u00e9diatique de la &#8220;guerre&#8221; des mots vise \u00e0 attiser les querelles partisanes par diverses tactiques de perturbation d\u00e9loyale des d\u00e9bats politiques (d\u00e9clarations verbeuses, arguties sp\u00e9cieuses, bons mots, impr\u00e9cisions ou exag\u00e9rations verbales, proc\u00e8s d\u2019intention, attaques <em>ad hominem<\/em>, etc.). Les pol\u00e9miques, qui se d\u00e9cha\u00eenent entre camps adverses et m\u00eame entre alli\u00e9s, entra\u00eenent la politique dans la logique inverse de la guerre.<\/p>\n\n\n\n<p>Aux antipodes de l&#8217;apologie pol\u00e9miste de la violence, il convient ainsi de d\u00e9fendre une pratique de <em>la politique entre agonistique et antagonisme<\/em>, comme art de combiner le d\u00e9bat entre partenaires et le combat entre adversaires, sans jamais prendre ces deux formes de politique pour une guerre contre les ennemis&nbsp;: la politique, conflictuelle, n\u2019est pas une guerre&nbsp;; elle en est m\u00eame l\u2019exact contraire. En ce sens, la politique, m\u00eame dans sa dimension de combat entre des forces antagoniques, s\u2019oppose non seulement \u00e0 la guerre (<em>p\u00f3lemos<\/em>), mais encore aux<em> pol\u00e9miques<\/em> qui en frayent la voie en creusant des tranch\u00e9es id\u00e9ologiques infranchissables entre les groupes et entre les individus. <\/p>\n\n\n\n<p>Contredire la conception pol\u00e9miste de la politique et, donc, d\u00e9construire la confusion pol\u00e9miste entre politique et pol\u00e9mique requiert de prendre le contre-pied de l\u2019usage m\u00eame du terme <em>pol\u00e9mique<\/em> en y d\u00e9celant une prop\u00e9deutique id\u00e9ologique \u00e0 la guerre&nbsp;: lesdites violences verbales pr\u00e9parent les violences proprement dites, physiques ou symboliques. Le souci de montrer la diff\u00e9rence <em>radicale<\/em> entre politique et guerre implique de r\u00e9v\u00e9ler la divergence de principe de leurs racines respectives et, par suite, de d\u00e9gager l\u2019enracinement de la guerre (<em>p\u00f3lemos<\/em>) dans la pol\u00e9mique&nbsp;: ce qui force sciemment le sens actuel de ce terme en fran\u00e7ais. Dans l\u2019optique de cette refonte du vocabulaire politique, les pol\u00e9miques qui scandent la vie politicienne sont \u00e0 consid\u00e9rer comme antipolitiques, en tant m\u00eame que la rh\u00e9torique guerri\u00e8re qu\u2019elles empruntent ouvre id\u00e9ologiquement la voie \u00e0 la guerre. Par l\u00e0 m\u00eame, il s\u2019agit de r\u00e9futer l\u2019assimilation de la politique \u00e0 la pol\u00e9mique comme condition <em>sine qua non <\/em>pour l\u2019emporter en politique en s\u2019imposant contre les autres. La strat\u00e9gie pol\u00e9miste, qui consiste \u00e0 jouer <em>la guerre contre la politique<\/em>, s&#8217;entretient de la confusion entre politique et pol\u00e9mique, qu&#8217;il faut contredire en et par principe.<\/p>\n\n\n\n<p>Il y aurait, en somme, trois types de conflits : le <em>d\u00e9bat <\/em>pour convaincre les partenaires d\u2019une comp\u00e9tition loyale ; le <em>combat <\/em>pour vaincre des adversaires au cours d\u2019un affrontement potentiellement d\u00e9loyal ; la <em>guerre <\/em>entre ennemis dispos\u00e9s \u00e0 s\u2019entretuer pour s\u2019emparer d\u2019un territoire et en subjuguer les occupants. La trichotomie entre d\u00e9bat, combat et guerre est appel\u00e9e \u00e0 prendre la rel\u00e8ve de l\u2019insuffisante dichotomie entre lutte politique et lutte arm\u00e9e, afin de la compliquer d\u2019un pli intra-politique qui vise \u00e0 diff\u00e9rencier les deux formes de politique. L&#8217;objectif est, en pratique, de pr\u00e9venir le glissement de la politique \u00e0 la pol\u00e9mique en cultivant, \u00e0 ce double niveau, l&#8217;<em>art <\/em>de contenir l&#8217;intensification du conflit : tout comme l&#8217;agonistique sociale entre partenaires travaille \u00e0 conjurer l&#8217;apparition mortif\u00e8re d&#8217;un antagonisme antisocial, l&#8217;\u00e9ristique entre adversaires s&#8217;oppose \u00e0 la transmutation de l&#8217;antagonisme en guerre. <\/p>\n\n\n\n<p>Une <em>th\u00e9orie critique du politique<\/em> implique, donc, de bien <em>distinguer <\/em>les formes de confrontation qui sont de facture politique, de fa\u00e7on \u00e0 mieux les <em>dissocier <\/em>par principe de la troisi\u00e8me forme de confrontation, arm\u00e9e, qui rel\u00e8ve, quant \u00e0 elle, de la guerre. En contrepoint de la confusion pol\u00e9miste entre guerre et politique, cette th\u00e9orie doit critiquer la confusion de genre entre l\u2019\u00e9conomique et le politique, qui d\u00e9nie la diff\u00e9rence de principe entre administration \u00e9conomique et d\u00e9cision politique : \u00e0 ce niveau civil aussi, les sens du politique, l\u2019action politique en vue de l\u2019institution d\u00e9mocratique et l\u2019administration conservatrice du syst\u00e8me \u00e9tabli, ne se rassemblent pas en une m\u00eame essence. <\/p>\n\n\n\n<!--nextpage-->\n\n\n\n<h6 class=\"has-text-align-center wp-block-heading\"><span class=\"has-inline-color has-bright-red-color\">Les sens du politique<\/span><\/h6>\n\n\n\n<p>La r\u00e9flexion sur <em>l\u2019essence<\/em> du politique s&#8217;est donn\u00e9e pour m\u00e9thode d&#8217;\u00e9lucider <em>les sens<\/em> oppos\u00e9s que le terme &#8220;politique&#8221; a pris jusqu\u2019\u00e0 notre \u00e9poque. L\u2019homophonie des expressions indique le chemin suivi pour analyser le ph\u00e9nom\u00e8ne politique&nbsp;: l\u2019\u00eatre (<em>esse<\/em>) se laisserait induire du sens ou sentiment (<em>sensus<\/em>) que l\u2019affaire du politique provoque. C\u2019est la question qu\u2019il s\u2019agit de poser, \u00e0 notre \u00e9poque perturb\u00e9e&nbsp;: quel sens du terme converge avec l\u2019essence du ph\u00e9nom\u00e8ne politique&nbsp;? Quels sont les caract\u00e8res qui d\u00e9marquent l\u2019institution politique de toute forme de soumission des citoyens&nbsp;?<\/p>\n\n\n\n<p>Le sens commun applique le terme &#8220;politique&#8221; \u00e0 tout syst\u00e8me d\u2019organisation des relations entre \u00eatres humains&nbsp;: la politique int\u00e9rieure a pour objet les relations \u00e0 l\u2019int\u00e9rieur d\u2019une soci\u00e9t\u00e9 et la politique ext\u00e9rieure, celles entre les soci\u00e9t\u00e9s. Le sens le plus g\u00e9n\u00e9ral qui est commun\u00e9ment pr\u00eat\u00e9 \u00e0 ce terme revient \u00e0 qualifier de <em>politique<\/em> tous les syst\u00e8mes \u00e9tablis qui r\u00e9gissent une population sur un territoire d\u00e9termin\u00e9. Les r\u00e9gimes de type r\u00e9publicain ou d\u00e9mocratique ne seraient, au sens faible du terme &#8220;politique&#8221;, qu\u2019une esp\u00e8ce au sein d\u2019un genre commun&nbsp;: ils seraient <em>politiques<\/em> au m\u00eame titre que les syst\u00e8mes de soumission de toute sorte, dont les dictatures modernes ne constituent qu\u2019une vari\u00e9t\u00e9. Il ne s\u2019agirait que d\u2019une diff\u00e9rence entre deux esp\u00e8ces oppos\u00e9es au sein du genre politique, et non pas d\u2019une contradiction de principe entre les syst\u00e8mes de domination <em>pol\u00e9mique<\/em> des populations et les syst\u00e8mes d\u2019administration <em>politique<\/em> des peuples : soumettre une multitude ou gouverner un peuple seraient deux modalit\u00e9s possibles de politique. <\/p>\n\n\n\n<p>L&#8217;usage indiff\u00e9renci\u00e9 qui est commun\u00e9ment fait du terme politique converge, en fait, avec la critique de l\u2019administration \u00e9tatique des populations comme syst\u00e8me de domination des peuples&nbsp;: les dispositifs de contr\u00f4le des sujets administr\u00e9s au sein des \u00c9tats r\u00e9publicains constitueraient une forme douce ou lib\u00e9rale de domination autoritaire des citoyens. Ainsi, la critique id\u00e9ologique des syst\u00e8mes politiques rejoint le sens commun du terme politique&nbsp;: la distinction formelle entre les types de r\u00e9gime n\u2019est pas reconnue comme une dichotomie de principe, fond\u00e9e sur la contradiction normative entre la pratique de la domination et l\u2019id\u00e9e du politique. Il en va de m\u00eame au niveau de la politique ext\u00e9rieure&nbsp;: la guerre (<em>p\u00f3lemos<\/em>) est per\u00e7ue comme une modalit\u00e9 de la politique ext\u00e9rieure, au m\u00eame titre que la diplomatie. <\/p>\n\n\n\n<p>Pris entre l\u2019annexion militaire, qui lui donne un sens pol\u00e9mique \u2013&nbsp;la guerre en est l\u2019aboutissement&nbsp;\u2013, et la captation civile, qui lui donne un sens administratif \u2013&nbsp;la bureaucratie en ressort&nbsp;\u2013, le politique est assimil\u00e9 \u00e0 tort \u00e0 un syst\u00e8me de soumission despotique du <em>d\u00e8mos <\/em>par l\u2019oligarchie. Une <em>th\u00e9orie critique du politique<\/em> doit, donc, dissiper ces confusions qui reposent sur l&#8217;usage inconsid\u00e9r\u00e9 du terme <em>politique <\/em>dans des sens diff\u00e9rents et divergents. L&#8217;objectif est de faire resurgir le sens normatif du politique du marais des confusions qui l\u2019ensevelissent et l\u2019obscurcissent. <\/p>\n\n\n\n<p>Le sens politique est ce qui permet de prendre des d\u00e9cisions critiques et, donc, de d\u00e9terminer des fins, alors que le choix des moyens pour atteindre une fin d\u00e9termin\u00e9e par ailleurs rel\u00e8ve, au contraire, de la strat\u00e9gie militaire ou de l\u2019administration civile des affaires publiques. C\u2019est la diff\u00e9rence de principe entre la d\u00e9cision de type politique, qui est souveraine, et l\u2019art de faire la guerre ou celui d\u2019administrer l\u2019\u00e9conomie, qui lui sont assujettis. Le sens du politique est perturb\u00e9 par le contresens administratif, qui confond \u00e9conomie et politique, tout autant qu\u2019il est annihil\u00e9 par le non-sens pol\u00e9mique, qui confond guerre et politique. Loin d\u2019\u00eatre d\u00e9pourvues de sens, ces confusions font sens dans le contexte de pratiques de domination des citoyens qui les soumettent aux d\u00e9cisions administratives ou militaires. Contresens administratif et non-sens pol\u00e9mique sur le politique donnent sens \u00e0 des pratiques \u00ab&nbsp;politiques&nbsp;\u00bb qui contredisent l\u2019id\u00e9e normative du politique. C\u2019est que le sens originaire de la politique souveraine implique, au contraire, l&#8217;auto-d\u00e9termination d\u2019un peuple citoyen au sein de la cit\u00e9.<\/p>\n\n\n\n<p>Les sens administratif et pol\u00e9mique du politique convergent pour circonscrire, non l&#8217;essence du politique, mais la quintessence du syst\u00e8me de soumission <em>antipolitique <\/em>de la soci\u00e9t\u00e9 citoyenne ou civique&nbsp;: ce sont deux esp\u00e8ces du genre despotique, lequel s\u2019oppose en principe au genre politique. Le non-sens pol\u00e9mique et le contresens administratif sur l\u2019essence du politique sont \u00e9labor\u00e9s du point de vue condescendant que les ma\u00eetres du syst\u00e8me de domination jettent <em>sur<\/em> la soci\u00e9t\u00e9 politique et sur ses activit\u00e9s de protestation subversive. <\/p>\n\n\n\n<p>Vue d\u2019en haut, la dynamique politique de ces mouvements autonomes d\u2019un peuple citoyen qui conteste le syst\u00e8me de domination antisocial appara\u00eet comme l\u2019agitation incivile d\u2019une foule excit\u00e9e par des d\u00e9magogues&nbsp;: c\u2019est le point de vue de la statique du syst\u00e8me \u00e9tabli qui justifie la r\u00e9pression de ces mouvements contestataires au nom de l\u2019ordre public que l\u2019\u00c9tat doit maintenir. Mais l\u2019espace politique n\u2019est justement pas un champ de forces statiques&nbsp;: la vie politique resterait inanim\u00e9e au point d\u2019en mourir, si la dynamique des forces politiques ne combattait pas la tendance despotique du syst\u00e8me de domination pol\u00e9mique du <em>d\u00e8mos<\/em>. C\u2019est que le politique est, par essence, d\u2019ordre dynamique : voil\u00e0 l&#8217;hypoth\u00e8se centrale d&#8217;un ouvrage en chantier depuis deux d\u00e9cennies.<\/p>\n\n\n\n<blockquote class=\"wp-block-quote is-layout-flow wp-block-quote-is-layout-flow\"><p>Les sens du politique <em>(2013 <\/em>vs <em>2018)<\/em><\/p><cite>ouvrage en chantier.<\/cite><\/blockquote>\n\n\n\n<!--nextpage-->\n\n\n\n<h6 class=\"has-text-align-center wp-block-heading\"><span class=\"has-inline-color has-bright-red-color\">Th\u00e9orie critique du mouvement politique<\/span><\/h6>\n\n\n\n<p>La th\u00e9orie critique du politique analyse les mouvements collectifs qui pr\u00e9sident \u00e0 l&#8217;ouverture de l&#8217;espace politique ou s&#8217;engagent contre sa fermeture sous la pression de forces antipolitiques ou pol\u00e9miques. Le politique est un lieu qui est l&#8217;enjeu mouvement\u00e9 d&#8217;un rapport de force  entre groupes en conflit \u00e0 propos du type de soci\u00e9t\u00e9. <\/p>\n\n\n\n<p>Sch\u00e9matiquement, il y aurait opposition frontale entre deux forces antagoniques : la &#8220;politique&#8221; des puissants vise, par en haut, \u00e0 dominer l\u2019espace politique au point de le refermer par une soumission pol\u00e9mique de la soci\u00e9t\u00e9 civile, qui profite de l\u2019ali\u00e9nation culturelle des sujets et facilite l\u2019exploitation \u00e9conomique des classes domin\u00e9es ; le mouvement politique des sans-puissance, qui aspire au contraire \u00e0 ouvrir ou \u00e0 \u00e9largir l\u2019espace politique, r\u00e9siste par en bas \u00e0 la domination et \u00e0 l&#8217;exploitation en travaillant \u00e0 s&#8217;\u00e9manciper de toute forme d\u2019ali\u00e9nation. <\/p>\n\n\n\n<h6 class=\"has-text-align-center wp-block-heading\">th\u00e9orie critique du syst\u00e8me de domination \u00e9tatis\u00e9e<\/h6>\n\n\n\n<p>Dans une soci\u00e9t\u00e9 \u00e9tatis\u00e9e, le syst\u00e8me antisocial de domination pol\u00e9mique des forces politiques et d\u2019exploitation \u00e9conomique des forces sociales fonctionne de concert avec l\u2019ali\u00e9nation culturelle des groupes sociaux \u00e0 ce syst\u00e8me de soumission des sujets exploit\u00e9s et domin\u00e9s. Au sein de ce syst\u00e8me, l\u2019\u00c9tat assume la fonction syst\u00e9mique de contr\u00f4ler les mouvements collectifs et individuels afin de conserver le syst\u00e8me en l\u2019\u00e9tat contre toute d\u00e9stabilisation pol\u00e9mique de l\u2019ordre \u00e9tabli. Tous les syst\u00e8mes d\u2019assujettissement antisocial des forces sociales \u00e0 l\u2019exploitation \u00e9conomique et de subordination pol\u00e9mique des forces politiques disposent d\u2019un <em>appareil de domination<\/em> <em>syst\u00e9mique<\/em>, dont le fonctionnement pr\u00e9suppose trois forces pol\u00e9miques au fondement de l\u2019\u00c9tat&nbsp;: le pilier statique arr\u00eate les mouvements subversifs, une m\u00e9canique centrip\u00e8te les entra\u00eenent dans le sens du syst\u00e8me et, s\u2019il le faut, l\u2019\u00e9l\u00e9ment chaotique des forces pol\u00e9miques \u00e0 l\u2019\u00e9tat pur les suppriment purement et simplement. <\/p>\n\n\n\n<p>L\u2019\u00e9l\u00e9ment instable de la violence chaotique se d\u00e9cha\u00eenant de mani\u00e8re irr\u00e9guli\u00e8re, au moment des coups de force pol\u00e9miques \u00e0 l\u2019origine de l\u2019\u00e9tablissement d\u2019un syst\u00e8me de soumission ou du renversement d\u00e9stabilisant d\u2019un r\u00e9gime, le syst\u00e8me \u00e9tatis\u00e9 est stabilis\u00e9 par les deux autres forces, qui forment la structure r\u00e9guli\u00e8re de l\u2019appareil de domination : l\u2019appareil r\u00e9pressif organise les forces statiques de l\u2019\u00c9tat, qui d\u00e9fendent le syst\u00e8me de domination en arr\u00eatant les forces subversives ; la machine bureaucratique des \u00e9tablissements \u00e9tatiques, qui administrent despotiquement les affaires courantes, fait avancer la soumission en entra\u00eenant et en int\u00e9grant tous les mouvements dans la m\u00e9canique centrip\u00e8te du syst\u00e8me. En contrepoint, le dispositif m\u00e9diatique propage l\u2019id\u00e9ologie qui permet de justifier la domination politico-pol\u00e9mique et de d\u00e9nier l\u2019exploitation \u00e9conomique en assurant l\u2019ali\u00e9nation culturelle des sujets assujettis au syst\u00e8me. <\/p>\n\n\n\n<p>Le <em>syst\u00e8me de soumission<\/em> \u00e9tabli par les forces antisociales et soutenu par les forces pol\u00e9miques a pour objectif <em>strat\u00e9gique<\/em> de contrarier la politisation des forces sociales et de contrer les forces politiques constitu\u00e9es, c&#8217;est-\u00e0-dire d&#8217;entraver tout mouvement de contestation de l&#8217;ordre \u00e9tabli par le syst\u00e8me (anti)social. La captation \u00e9tatique de la <em>res publica<\/em> fait de l\u2019\u00c9tat un enjeu du combat politique, la dynamique politique des forces sociales visant \u00e0 s&#8217;\u00e9manciper du syst\u00e8me de soumission antisociale en socialisant l&#8217;administration de l\u2019\u00c9tat. C&#8217;est en ce sens que le politique est, par essence, d\u2019ordre dynamique. <\/p>\n\n\n\n<h5 class=\"has-text-align-center wp-block-heading\">dynamique politique de la <em>st\u00e1sis<\/em><\/h5>\n\n\n\n<p>La <em>dynamis<\/em>, c\u2019est la puissance m\u00eame du mouvement politique du peuple citoyen qui s\u2019insurge contre toute forme de domination&nbsp;: la <em>st\u00e1sis<\/em> est ce mouvement politique qui soul\u00e8ve le peuple contre la statique des \u00e9tablissements institu\u00e9s. La <em>st\u00e1sis<\/em> du peuple, en mouvement afin de s\u2019affranchir de la domination, est la puissance qui est \u00e0 l\u2019origine r\u00e9volutionnaire des institutions de type politique&nbsp;: c\u2019est la forme originaire de l\u2019insurrection du <em>d\u00e8mos<\/em>. Mais la <em>st\u00e1sis<\/em> r\u00e9anime \u00e9galement ces institutions et donc la vie politique, en donnant un souffle politique \u00e0 un syst\u00e8me r\u00e9publicain d\u00e9j\u00e0 \u00e9tabli&nbsp;: c\u2019est la forme d\u00e9riv\u00e9e des mouvements de contestation socio-politique. La politique est indissociable de ces mouvements sociaux qui insufflent de la vie dans un syst\u00e8me institutionnel en proie \u00e0 l\u2019inertie de l&#8217;ordre \u00e9tabli, et ce au point de pouvoir le bouleverser de mani\u00e8re subversive ou r\u00e9volutionnaire. Ce n\u2019est donc pas invoquer la contestation ou la r\u00e9volution contre l\u2019institution, car l\u2019institution serait inerte sans le mouvement instituant des forces politiques. C\u2019est manifester la force politique de la dynamique subversive du peuple en mouvement contre la statique conservatrice de l\u2019\u00c9tat. <\/p>\n\n\n\n<p>Il n\u2019y a pas de d\u00e9mocratie sans <em>d\u00e8mos<\/em> en mouvement. Il n\u2019y aurait pas non plus de politique \u00e0 proprement parler sans la dynamique potentiellement r\u00e9volutionnaire de la <em>st\u00e1sis<\/em>. La vie m\u00eame de la <em>polis<\/em> provient de la dynamique politique du peuple qui se met en mouvement, soit dans le sens de l\u2019\u00e9mancipation du syst\u00e8me de soumission, soit dans celui de l\u2019institution ou de la r\u00e9novation des institutions r\u00e9publicaines. C\u2019est la soci\u00e9t\u00e9 civile en mouvement qui donne vie \u00e0 la cit\u00e9. <\/p>\n\n\n\n<p>Reconna\u00eetre l\u2019essence politique et le sens centrifuge du <em>mouvement<\/em> d\u2019\u00e9mancipation de la domination, \u00e0 travers lequel un peuple citoyen se constitue et met en place des institutions, permet de faire une distinction de principe entre une <em>institution<\/em> anim\u00e9e par une dynamique d\u2019innovation politique et un <em>\u00e9tablissement<\/em> scl\u00e9ros\u00e9 par des forces statiques ou centrip\u00e8tes qui s\u2019opposent \u00e0 tout changement. Car  le sens du politique est conquis \u00e0 travers le combat contre la logique pol\u00e9mique des appareils de domination en tout genre qui tendent \u00e0 r\u00e9duire, voire \u00e0 d\u00e9truire l\u2019espace politique de l\u2019autonomie citoyenne. Cette vision des figures de l\u2019\u00e9mancipation donne lieu \u00e0 la d\u00e9finition d\u2019une <em>politique du rapport de force<\/em>, qui ne peut renoncer en principe \u00e0 l\u2019usage ponctuel de la violence. Ce n&#8217;est pas sans poser de probl\u00e8me d&#8217;un point de vue politique. Le mouvement politique ne se d\u00e9truit-il pas \u00e0 emprunter la voie pol\u00e9mique de la violence subversive ou r\u00e9volutionnaire ?<\/p>\n\n\n\n<h6 class=\"has-text-align-center wp-block-heading\"><em>mouvement politique <br>contre mobilisation pol\u00e9mique<\/em><\/h6>\n\n\n\n<p>Il est d&#8217;autant plus n\u00e9cessaire de clarifier ce point crucial que des &#8220;mouvements de masse&#8221; usent de violence, ou plut\u00f4t en abusent, pour imposer \u00e0 la soci\u00e9t\u00e9 un nouveau syst\u00e8me de soumission. Comme l&#8217;illustre de mani\u00e8re exemplaire le cas de la r\u00e9volution islamique en Iran, ces mobilisations collectives peuvent m\u00eame se targuer d&#8217;\u00eatre r\u00e9volutionnaires. \u00c0 cet \u00e9gard, la th\u00e9orie critique du mouvement politique doit lever un certain nombre de confusions, cette fois encore, en instituant des distinctions normatives, dont le but est de permettre de discerner la sp\u00e9cificit\u00e9 du mouvement de facture politique.<\/p>\n\n\n\n<p><em>En premier lieu<\/em>, la confusion entre guerre et r\u00e9volution est l&#8217;expression la plus nette de la confusion entre politique et pol\u00e9mique. Contre l&#8217;assimilation de la r\u00e9volution \u00e0 une guerre civile, il convient de voir dans la r\u00e9volution, non pas une destruction de l&#8217;ordre civil qui provoquerait un d\u00e9cha\u00eenement incivil de violence, mais un mouvement politique d&#8217;institution d&#8217;une nouvelle forme de vie publique. Cette position repose sur une vision critique du ph\u00e9nom\u00e8ne r\u00e9volutionnaire, qui vise \u00e0 \u00e9purer l\u2019id\u00e9e de r\u00e9volution de la mythologie de la fin absolue et du commencement absolu. S&#8217;\u00e9manciper du fantasme du renversement total et du fant\u00f4me de l\u2019ach\u00e8vement du processus r\u00e9volutionnaire serait la condition pour reconna\u00eetre la r\u00e9volution comme processus interminable du mouvement politique, c\u2019est-\u00e0-dire comme dynamique d\u00e9mocratique d\u2019un peuple faisant de lui-m\u00eame mouvement.<\/p>\n\n\n\n<blockquote class=\"wp-block-quote is-layout-flow wp-block-quote-is-layout-flow\"><p><a href=\"https:\/\/books.openedition.org\/psorbonne\/17967?lang=fr\" target=\"_blank\" rel=\"noreferrer noopener\">La r\u00e9volution comme mouvement politique<\/a> (2003)<\/p><cite>version longue \u00e0 venir. \u00a9, Christian Ferri\u00e9, cf\u00e9ditions, 2022<\/cite><\/blockquote>\n\n\n\n<p><em>En contrepoint<\/em>, il convient de repenser la dynamique du <em>mouvement <\/em>sociopolitique en questionnant le <em>mod\u00e8le <\/em>cin\u00e9matique de la lutte des classes. L\u2019enjeu est de d\u00e9placer le centre d\u2019int\u00e9r\u00eat depuis l\u2019origine sociologique vers la structure politique du mouvement d\u2019\u00e9mancipation sociale : \u00e0 la diff\u00e9rence de la mobilisation pl\u00e9biscitaire et autoritaire de masses pouss\u00e9es \u00e0 l\u2019hyst\u00e9rie identitaire, le mouvement politique aurait pour caract\u00e8re fondamental l\u2019autonomie de l&#8217;association des forces sociales en lutte (de classe).<\/p>\n\n\n\n<blockquote class=\"wp-block-quote is-layout-flow wp-block-quote-is-layout-flow\"><p>Du principe du mouvement politique <em>(2004)<\/em><\/p><cite>publication \u00e0 venir.\u00a9, Christian Ferri\u00e9, cf\u00e9ditions, 2022<\/cite><\/blockquote>\n\n\n\n<p><em>En second lieu<\/em>, il faut instituer la dichotomie de principe entre politique et pol\u00e9mique, par le moyen d&#8217;un coup de force s\u00e9mantico-politique qui reconnaisse dans la pol\u00e9mique (politicienne) le pr\u00e9lude \u00e0 la guerre (<em>p\u00f3lemos<\/em>). Cette th\u00e8se d&#8217;inspiration arendtienne, qui prend le contrepied des positions de Karl Marx et de Carl Schmitt, implique n\u00e9anmoins, contre Arendt, de r\u00e9cuser son interpr\u00e9tation du <em>mouvement <\/em>nazi en tra\u00e7ant une ligne de d\u00e9marcation entre &#8220;mouvements&#8221; totalitaires et mouvements r\u00e9volutionnaires de r\u00e9sistance \u00e0 la domination.<\/p>\n\n\n\n<blockquote class=\"wp-block-quote is-layout-flow wp-block-quote-is-layout-flow\"><p>Du mouvement en politique <em>(2008)<\/em><\/p><cite>publication \u00e0 venir. \u00a9, Christian Ferri\u00e9, cf\u00e9ditions, 2022<\/cite><\/blockquote>\n\n\n\n<p><em>En troisi\u00e8me lieu<\/em>, il convient de conceptualiser la d\u00e9marcation institu\u00e9e entre ces mouvements sans commune mesure en discernant, en et par principe, mobilisation populiste et mouvement populaire. Si les mouvements populaires associent de mani\u00e8re autonome des multitudes d\u2019individus engag\u00e9s dans le sens de l\u2019\u00e9mancipation ou du projet d\u2019autonomie, les mobilisations populistes enr\u00f4lent de mani\u00e8re autoritaire et identitaire des masses de gens derri\u00e8re la figure charismatique d\u2019un chef qui suscite le <em>suivisme<\/em>. Le populisme serait une strat\u00e9gie de mobilisation, sur la base du principe identitaire, d\u2019une partie de la population id\u00e9ologiquement identifi\u00e9e au peuple et manipul\u00e9e comme masse soumise \u00e0 un meneur. Cette strat\u00e9gie de mobilisation en vue de prendre ou de conserver le pouvoir est une technique de domination au service d\u2019un chef charismatique, lequel fait figure d\u2019incarnation de cette masse qu\u2019il s\u2019agit de guider en usant des ressorts affectifs de l\u2019identification narcissique \u00e0 l\u2019identit\u00e9 exalt\u00e9e et de la fascination pour son incarnation. Le populisme est actuellement une cat\u00e9gorie pol\u00e9mique, dont les \u00e9lites usent pour d\u00e9noncer les mouvements populaires de contestation de l\u2019ordre \u00e9tabli en les assimilant \u00e0 des mobilisations populistes. <\/p>\n\n\n\n<p>La situation se complique encore lorsque le populisme devient l\u2019apanage d\u2019une extr\u00eame droite identitaire et protestataire, qui mobilise contre &#8220;le Syst\u00e8me&#8221; incarn\u00e9 par des \u00e9lites technocratiques au service de la globalisation capitaliste d\u00e9nomm\u00e9 mondialiste. Car, de mani\u00e8re r\u00e9active, l\u2019\u00e9lite politicienne se d\u00e9fend et d\u00e9fend le syst\u00e8me par un anti-populisme de bon ton relay\u00e9 par le dispositif m\u00e9diatique. Il y aurait une contradiction insoluble pour les intellectuels se r\u00e9clamant du peuple&nbsp;: il leur faut naviguer entre Charybde et Scylla, entre un populisme anti-intellectualiste et un anti-populisme \u00e9litiste. <\/p>\n\n\n\n<p>Dans ces conditions, il est d&#8217;autant plus n\u00e9cessaire d&#8217;op\u00e9rer la distinction entre mobilisations populistes et mouvements populaires qu&#8217;\u00e0 l&#8217;heure actuelle, des mobilisations populistes inf\u00e9od\u00e9es au pouvoir en place sont commandit\u00e9es par des autorit\u00e9s (en Iran, en Turquie, en Russie, etc.) pour combattre les mouvements populaires de contestation sociale et politique, lesquels sont toujours quantitativement minoritaires, m\u00eame si ce sont des minorit\u00e9s qualifi\u00e9es. Il s\u2019agit pour le pouvoir de mettre fin \u00e0 l\u2019agitation et de reconqu\u00e9rir la rue pour s\u2019imposer dans toute la soci\u00e9t\u00e9 en cultivant l\u2019exaltation populiste d\u2019une identit\u00e9 nationale qui permet de refouler les conflits de classe et de genre, tout en stigmatisant les minorit\u00e9s \u00e0 exclure ou \u00e0 an\u00e9antir&nbsp;: le chef adul\u00e9 est l\u2019incarnation de l\u2019unit\u00e9 nationale. Le populisme au pouvoir, par nature d\u00e9magogique, implique le <em>suivisme<\/em> des masses mobilis\u00e9es par l\u2019appareil d\u2019\u00c9tat, dont le chef se fait pl\u00e9bisciter dans la rue et dans les urnes.<\/p>\n\n\n\n<blockquote class=\"wp-block-quote is-layout-flow wp-block-quote-is-layout-flow\"><p>Mouvements populaires contre mobilisations populistes <em>(2018)<\/em><\/p><cite>publication \u00e0 venir. \u00a9, Christian Ferri\u00e9, cf\u00e9ditions, 2022<\/cite><\/blockquote>\n\n\n\n<p>Autant dire que les mobilisations populistes abondent dans le sens du <em>processus<\/em> pol\u00e9mique que les <em>mouvement<\/em>s populaires combattent pr\u00e9cis\u00e9ment dans le sens politique d&#8217;une forme de vie sociale.<\/p>\n\n\n\n<blockquote class=\"wp-block-quote is-layout-flow wp-block-quote-is-layout-flow\"><p>Mouvement contre processus<\/p><cite>ouvrage en <a href=\"https:\/\/www.per-turbas.fr\/index.php\/polis\/processus-et-mouvement\/\">chantier<\/a><\/cite><\/blockquote>\n\n\n\n<h6 class=\"has-text-align-center wp-block-heading\"><em>mouvement inconscient du politique<\/em><\/h6>\n\n\n\n<p><em>En dernier lieu<\/em>, il convient d&#8217;analyser les ressorts pulsionnels des mouvements politiques d&#8217;\u00e9mancipation sociale et des mobilisations populistes op\u00e9rant dans le sens inverse de la soumission autoritaire des masses. <\/p>\n\n\n\n<p class=\"has-text-align-center\">*<\/p>\n\n\n\n<p>Cette r\u00e9flexion de facture psychanalytique s&#8217;est paradoxalement engag\u00e9, tout d&#8217;abord, sur la voie d&#8217;une \u00e9tude d\u2019ethno-histoire : il s\u2019agit, \u00e0 partir de l\u2019\u0153uvre de Pierre <a href=\"https:\/\/www.per-turbas.fr\/index.php\/polis\/clastres\/\">Clastres<\/a>, d\u2019analyser les ressorts inconscients des mouvements politiques et pol\u00e9miques de soci\u00e9t\u00e9s qui refusent l\u2019\u00c9tat.<\/p>\n\n\n\n<ul class=\"wp-block-list\"><li>C. Ferri\u00e9, <em><a href=\"https:\/\/www.editions-lignes.com\/LE-MOUVEMENT-INCONSCIENT-DU-POLITIQUE.html\" target=\"_blank\" rel=\"noreferrer noopener\">Le mouvement inconscient du politique<\/a><\/em>, Lignes, 2017.<\/li><\/ul>\n\n\n\n<p>Sa mention furtive de l\u2019instinct de mort tracerait la voie d\u2019une axiomatique pulsionnelle qui pr\u00e9siderait aux mouvements de la politique centrifuge tout autant qu\u2019au processus centrip\u00e8te de concentration pol\u00e9mique du pouvoir. Le combat de la politique centrifuge contre le processus centrip\u00e8te de concentration pol\u00e9mique du pouvoir verrait s\u2019opposer une pulsion d\u2019\u00e9galit\u00e9 au c\u0153ur de la vie politique \u00e0 la pulsion de mort politique \u00e0 la source de l\u2019\u00c9tat. \u00c9clairant l\u2019ethnologie clastrienne \u00e0 la lumi\u00e8re de la psychanalyse freudienne, tout en discutant la r\u00e9ception de l\u2019\u0153uvre de Clastres par Deleuze et Guattari, l\u2019essai tire une conclusion qui conteste l\u2019axiomatique pulsionnelle de Freud&nbsp;: la pulsion \u00e9rotique d\u2019union des tribus serait en v\u00e9rit\u00e9 mortif\u00e8re pour la vie politique, anim\u00e9e quant \u00e0 elle \u00e0 l\u2019inverse par le retournement de la pulsion de mort contre sa tendance destructrice&nbsp;!<\/p>\n\n\n\n<p>L&#8217;interpr\u00e9tation de la politique primitive et de ses destins pulsionnels contradictoires se double d&#8217;une hypoth\u00e8se sur <a href=\"https:\/\/www.per-turbas.fr\/index.php\/polis\/clastres-politique\/2\/\"><em>les sens<\/em> de la guerre<\/a>. Parler de l\u2019essence de <em>la<\/em> guerre en g\u00e9n\u00e9ral est un non-sens&nbsp;: la guerre de conqu\u00eate n\u2019est pas de m\u00eame essence que la guerre primitive. Sous son apparence d\u2019activit\u00e9 purement pol\u00e9mique, la <em>guerre<\/em> <em>primitive<\/em> est une forme de politique, il est vrai paradoxale, et ce au m\u00eame titre que cet autre acte de guerre qu\u2019est le meurtre du chef \u00e0 tendance despotique. C\u2019est une forme de politique, puisque la guerre primitive r\u00e9pond, au niveau de la conscience, \u00e0 un objectif ouvertement pol\u00e9mique tout en assumant, <em>inconsciemment<\/em>, une fonction politique. C\u2019est la diff\u00e9rence essentielle avec la guerre de conqu\u00eate&nbsp;: la guerre d\u2019int\u00e9gration et, plus encore, la guerre d\u2019an\u00e9antissement ob\u00e9issent, au niveau tant des pulsions inconscientes que des intentions conscientes, \u00e0 une logique purement pol\u00e9mique. Il est, par suite, crucial de bien discerner conceptuellement les sens radicalement divergents des pratiques guerri\u00e8res. Ce n\u2019est pas en soi la guerre de conqu\u00eate, mais la guerre de<em> soumission<\/em> et\/ou d\u2019int\u00e9gration par le moyen de la conqu\u00eate, pratiqu\u00e9e par exemple par les Incas, qui r\u00e9volutionne le sens m\u00eame de la guerre primitive et ouvre l&#8217;horizon de l&#8217;\u00e9tablissement d&#8217;un Empire ou d&#8217;un \u00c9tat.<\/p>\n\n\n\n<p>Si l\u2019essai sur Clastres propose de concevoir la vie sociale des sauvages, et m\u00eame la guerre primitive, comme anim\u00e9es par une pulsion de vie politique, il donne tout autant \u00e0 penser le processus \u00e0 l&#8217;origine de l&#8217;inversion du sens de la guerre comme r\u00e9sultant d&#8217;une victoire durable de la pulsion de mort pol\u00e9mique dans le combat de g\u00e9ants entre <em>\u00e9ros <\/em>et <em>thanatos<\/em>. <\/p>\n\n\n\n<p class=\"has-text-align-center\">*<\/p>\n\n\n\n<div class=\"wp-block-group is-layout-flow wp-block-group-is-layout-flow\"><div class=\"wp-block-group__inner-container\"><\/div><\/div>\n\n\n\n<p>Cette hypoth\u00e8se \u00e9labor\u00e9e \u00e0 propos de la politique primitive inviterait \u00e0 une r\u00e9interpr\u00e9tation radicale du mouvement politique de la soci\u00e9t\u00e9 contre l\u2019\u00c9tat \u00e0 l\u2019\u00e9poque moderne des guerres que les \u00c9tats m\u00e8nent pour s\u2019imposer contre les soci\u00e9t\u00e9s civiles\u2026 <\/p>\n\n\n\n<p>L&#8217;essai d&#8217;interpr\u00e9ter la politique et la guerre de mani\u00e8re pulsionnelle invite <em>\u00e0 partir de<\/em> Clastres afin d&#8217;\u00e9clairer des ph\u00e9nom\u00e8nes propres \u00e0 notre \u00e9poque&nbsp;: des processus pol\u00e9miques de mobilisation identitaire ou nationalraciste, qui affermissent les structures de soumission \u00e0 la domination, montreraient la pulsion de mort \u00e0 l\u2019\u0153uvre&nbsp;; au contraire, les mouvements d\u2019\u00e9mancipation socio-politique manifesteraient une pulsion de vie politique qui fait battre le c\u0153ur d\u2019une soci\u00e9t\u00e9 d\u00e9mocratique. Sur la base d\u2019une telle analyse pulsionnelle, qui bouleverse en fait l\u2019axiomatique mise en place par Freud, un <em>diagnostic du pr\u00e9sent<\/em> a \u00e9t\u00e9 risqu\u00e9, dont l&#8217;objectif politique est de contribuer \u00e0 l&#8217;articulation th\u00e9orique et pratique d&#8217;une th\u00e9orie critique de l&#8217;\u00e9mancipation.<\/p>\n\n\n\n<!--nextpage-->\n\n\n\n<h6 class=\"has-text-align-center wp-block-heading\"><em><span class=\"has-inline-color has-bright-red-color\">Th\u00e9orie critique de l\u2019\u00e9mancipation<\/span><\/em><\/h6>\n\n\n\n<p>Il conviendrait, c\u2019est le projet dans sa mouture actuelle, d\u2019\u00e9laborer une th\u00e9orie critique de l\u2019\u00e9mancipation. Au regard des \u00e9volutions r\u00e9centes, il faudrait forger un sch\u00e9ma d\u2019analyse du pr\u00e9sent qui permette de sauver la perspective, actuellement en p\u00e9ril, du projet d\u2019\u00e9mancipation, tout en pensant l\u2019effectivit\u00e9 des structures pulsionnelles et des nouveaux dispositifs de soumission qui s\u2019y opposent.<\/p>\n\n\n\n<p>L\u2019objectif th\u00e9orique est de contribuer \u00e0 renouveler le paradigme qui pense le mouvement sociopolitique d\u2019opposition au processus pol\u00e9mique d\u2019inf\u00e9odation globalitaire des soci\u00e9t\u00e9s humaines \u00e0 la logique identitaire, autoritaire et militaire&nbsp;: contre la logique du principe identitaire, les mouvements d\u2019\u00e9mancipation devraient assumer le principe de contradiction sans s\u2019\u00e9chouer sur le double \u00e9cueil d\u2019une dialectique de la r\u00e9conciliation finale des forces antagoniques et\/ou d\u2019une anti-dialectique de l\u2019opposition absolue des identit\u00e9s fig\u00e9es. <\/p>\n\n\n\n<h5 class=\"has-text-align-center wp-block-heading\">dialectique n\u00e9gatrice de l\u2019\u00e9mancipation<\/h5>\n\n\n\n<p>L\u2019id\u00e9e directrice est de d\u00e9fendre le principe d\u2019un mouvement politique contre les mobilisations pol\u00e9miques de masses. \u00c0 contresens des luttes entre classes sociales et castes antisociales au sein des soci\u00e9t\u00e9s divis\u00e9es, des masses communautaires ont pris forme pour affirmer, d\u00e9sormais de mani\u00e8re vindicative et donc pol\u00e9mique, leur <em>identit\u00e9 <\/em>confessionnelle ou culturelle, r\u00e9gionaliste ou nationaliste, pour ne pas dire nationalraciste. Inf\u00e9od\u00e9es \u00e0 des guides autoritaires comme les mobilisations populistes, ces communaut\u00e9s identitaires sont pl\u00e9biscit\u00e9es par des appareils de mobilisation, qui poursuivent des strat\u00e9gies communautaristes d&#8217;enr\u00f4lement des masses dans la perspective \u00e0 venir d\u2019une guerre identitaire. Le contexte du processus globalitaire favorise ces  strat\u00e9gies communautaristes.         <\/p>\n\n\n\n<pre class=\"wp-block-preformatted\">\u00ab&nbsp;<a rel=\"noreferrer noopener\" href=\"https:\/\/www.cairn.info\/revue-lignes-2014-3-page-57.htm\" target=\"_blank\">Du principe identitaire<\/a>&nbsp;\u00bb (17 p.), <em>Lignes<\/em>, n\u00b0&nbsp;45,<em> Les nouvelles droites extr\u00eames<\/em>, octobre 2014, p.&nbsp;57-74.\n\u00ab&nbsp;<a rel=\"noreferrer noopener\" href=\"https:\/\/www.cairn.info\/revue-lignes-2015-3-page-33.htm\" target=\"_blank\">Manifeste contre la guerre identitaire<\/a>&nbsp;\u00bb (20 p.), <em>Lignes<\/em>, n\u00b0&nbsp;48,<em> Les attentats \u2013 la pens\u00e9e<\/em>, octobre 2015, p.&nbsp;35-55.\n\u00ab&nbsp;<a href=\"https:\/\/www.cairn.info\/revue-lignes-2017-1-page-43.htm\" target=\"_blank\" rel=\"noreferrer noopener\">Du processus globalitaire<\/a>&nbsp;\u00bb (11 p.), <em>Lignes<\/em>, n\u00b0&nbsp;52,<em> Vouloir l\u2019impossible<\/em>, f\u00e9v.&nbsp;2017, p.&nbsp;43-54.<\/pre>\n\n\n\n<p>Une dialectique n\u00e9gatrice de l\u2019\u00e9mancipation se conjoint, \u00e0 pr\u00e9sent, \u00e0 la dialectique intrasyst\u00e9mique de r\u00e9cup\u00e9ration et d\u2019int\u00e9gration des mouvements contestataires pour en finir avec l\u2019id\u00e9e m\u00eame d\u2019une \u00e9mancipation de la domination et de l\u2019exploitation. Le processus pol\u00e9mique a, de la sorte, pris le pas sur le mouvement politique&nbsp;: la violence des guerres supplante la puissance des r\u00e9volutions&nbsp;; les mobilisations identitaires et communautaires, qui s\u2019inf\u00e9odent \u00e0 des hi\u00e9rarchies autoritaires, l\u2019emportent de toute part sur les mouvements contestataires et r\u00e9volutionnaires, dont la caract\u00e9ristique est de se constituer en associations autonomes pour \u00e9chapper \u00e0 toute soumission. <\/p>\n\n\n\n<p>Autrement dit, la dialectique des Lumi\u00e8res a pris une nouvelle tournure&nbsp;: la conversion mortif\u00e8re de la r\u00e9volution en guerre participe d\u2019une dialectique n\u00e9gative qui s\u2019av\u00e8re anti-dialectique d\u2019un point de vue r\u00e9volutionnaire. C\u2019est dans ces conditions que le r\u00e9formisme antir\u00e9volutionnaire a pu se transmuer en n\u00e9o-r\u00e9formisme r\u00e9actionnaire.<\/p>\n\n\n\n<h6 class=\"has-text-align-center wp-block-heading\"><em>Th\u00e9orie critique du r\u00e9formisme moderne<\/em><\/h6>\n\n\n\n<p>L\u2019inversion actuelle du sens progressiste du terme <em>r\u00e9forme<\/em> trahit la mise en place de contre-r\u00e9formes r\u00e9actionnaires qui reviennent sur les acquis r\u00e9volutionnaires de deux si\u00e8cles de r\u00e9formes politiques et sociales. Il faut contredire ce n\u00e9o-r\u00e9formisme r\u00e9actionnaire en proposant de changer le paradigme au c\u0153ur du projet d\u2019\u00e9mancipation r\u00e9volutionnaire. <\/p>\n\n\n\n<pre class=\"wp-block-preformatted\">\u00ab&nbsp;<a href=\"https:\/\/www.cairn.info\/revue-actuel-marx-2016-2-page-139.htm\" target=\"_blank\" rel=\"noreferrer noopener\">Du n\u00e9o-r\u00e9formisme r\u00e9actionnaire<\/a>&nbsp;\u00bb, <em>Actuel Marx<\/em>, n\u00b0&nbsp;60, <em>Une classe dominante mondiale&nbsp;?<\/em>, PUF, automne 2016, p.&nbsp;139-152.<\/pre>\n\n\n\n<p>Il s\u2019agirait de d\u00e9construire la dichotomie entre r\u00e9volution et r\u00e9forme, construite en r\u00e9action \u00e0 la R\u00e9volution fran\u00e7aise par le r\u00e9formisme antir\u00e9volutionnaire et reprise \u00e0 tort par l\u2019antir\u00e9formisme r\u00e9volutionnaire, afin de d\u00e9fendre l\u2019option d\u2019un r\u00e9formisme r\u00e9volutionnaire qui \u00e9merge au sein du mouvement ouvrier. <\/p>\n\n\n\n<pre class=\"wp-block-preformatted\">\u00ab&nbsp;<a href=\"https:\/\/www.per-turbas.fr\/wp-content\/uploads\/2020\/08\/C.-Ferrie\u0301-Adler-entre-Kant-et-Marx-2015-Austriaca.pdf\" target=\"_blank\" rel=\"noreferrer noopener\">Max Adler entre Kant et Marx&nbsp;: une synth\u00e8se in\u00e9dite<\/a>&nbsp;\u00bb, <em>Austriaca<\/em>, n\u00b0&nbsp;80, <em>Les gauches autrichiennes, d\u2019Otto Bauer \u00e0 Bruno Kreisky<\/em>, J.-N. Ducange (dir.), Presses universitaires de Rouen et du Havre, 2015, p.&nbsp;11-30.<br><\/pre>\n\n\n\n<p>La th\u00e9orie critique du r\u00e9formisme moderne en fait la gen\u00e8se sous forme d&#8217;un diptyque, dont le volet pro-r\u00e9volutionnaire analyse la position politique de Kant \u00e0 l&#8217;\u00e9poque de la R\u00e9volution, pendant que le volet antir\u00e9volutionnaire fait la critique de la position des burkiens allemands qui prenne au m\u00eame moment historique le contrepied de la position kantienne.<\/p>\n\n\n\n<p class=\"has-text-align-center\"><em><span class=\"has-inline-color has-bright-red-color\">Th\u00e9orie critique du r\u00e9formisme conservateur<\/span><\/em><\/p>\n\n\n\n<p>Le livre sur le r\u00e9formisme r\u00e9volutionnaire de Kant a pour pendant une <em>Th\u00e9orie critique du r\u00e9formisme conservateur<\/em>, qui entreprend de faire la gen\u00e8se de la matrice r\u00e9formiste en Allemagne \u00e0 l\u2019\u00e9poque de la R\u00e9volution fran\u00e7aise, comme le montre la <a href=\"https:\/\/classiques-garnier.com\/theorie-critique-du-reformisme-conservateur-genese-de-la-matrice-reformiste-en-allemagne-a-l-epoque-de-la-revolution-francaise-table-des-matieres.html?displaymode=full\" target=\"_blank\" rel=\"noreferrer noopener\">table des mati\u00e8res<\/a>. <\/p>\n\n\n\n<pre class=\"wp-block-preformatted\">C. Ferri\u00e9, <em><a href=\"https:\/\/classiques-garnier.com\/theorie-critique-du-reformisme-conservateur-genese-de-la-matrice-reformiste-en-allemagne-a-l-epoque-de-la-revolution-francaise.html\" target=\"_blank\" rel=\"noreferrer noopener\">Th\u00e9orie critique du r\u00e9formisme conservateur <\/a>(Gen\u00e8se de la matrice r\u00e9formiste en Allemagne \u00e0 l\u2019\u00e9poque de la R\u00e9volution fran\u00e7aise)<\/em>, \u00ab&nbsp;PolitiqueS&nbsp;\u00bb, Classiques Garnier, f\u00e9vrier 2018.<br><\/pre>\n\n\n\n<p>Le titre de cet ouvrage, <a href=\"https:\/\/classiques-garnier.com\/theorie-critique-du-reformisme-conservateur-genese-de-la-matrice-reformiste-en-allemagne-a-l-epoque-de-la-revolution-francaise-preface.html?displaymode=full\" target=\"_blank\" rel=\"noreferrer noopener\">pr\u00e9fac\u00e9 par G\u00e9rard Raulet<\/a>, est inspir\u00e9 de son propre jugement : \u00ab&nbsp;l\u2019\u00e9tude jette les bases d\u2019une histoire critique du concept de r\u00e9forme et m\u00eame d\u2019une th\u00e9orie critique du r\u00e9formisme&nbsp;\u00bb. Il s&#8217;agit d&#8217;une contribution \u00e0 l\u2019histoire de la pens\u00e9e politique, \u00e0 un double niveau. Tout d\u2019abord, elle permet de situer les figures de la pens\u00e9e politique en amont comme en aval de Kant. Car l\u2019\u00e9lucidation de la position des diff\u00e9rentes figures du r\u00e9formisme conservateur \u00e0 l\u2019\u00e9poque de Kant permet, sous le patronage de l\u2019analyse pionni\u00e8re de Karl Mannheim sur <em>La pens\u00e9e conservatrice<\/em> en Allemagne (1927), d\u2019\u00e9clairer \u00e0 nouveau frais le sens politique de nombreuses positions, dont celle de Hegel, analys\u00e9e dans un autre ouvrage. <\/p>\n\n\n\n<blockquote class=\"wp-block-quote is-layout-flow wp-block-quote-is-layout-flow\"><p>Hegel entre R\u00e9forme et R\u00e9volution (un burkien allemand \u00e0 l\u2019\u00e9poque des R\u00e9formes prussiennes)<\/p><cite>publication \u00e0 venir. \u00a9, Christian Ferri\u00e9, cf\u00e9ditions, 2020<\/cite><\/blockquote>\n\n\n\n<p>\u00c0 un second niveau, la gen\u00e8se de la construction r\u00e9formiste d\u2019une dichotomie entre r\u00e9forme et r\u00e9volution \u00e0 l\u2019\u00e9poque de la R\u00e9volution permet de d\u00e9construire cette matrice du lib\u00e9ralisme qui est au centre de la politique moderne. Cette \u00e9tude fait partie int\u00e9grante du projet d\u2019analyser l\u2019\u00e9poque <em>moderne<\/em> \u00e0 partir de l&#8217;h\u00e9ritage contradictoire des Lumi\u00e8res : elle permet de dissocier le r\u00e9formisme r\u00e9volutionnaire d\u2019ob\u00e9dience kantienne, qui s\u2019inscrit dans une perspective r\u00e9publicaine, et le r\u00e9formisme conservateur de facture lib\u00e9rale, dont Humboldt fournit un arch\u00e9type.<\/p>\n\n\n\n<pre class=\"wp-block-preformatted\">\u00ab&nbsp;Humboldt contre la R\u00e9volution&nbsp;: l\u2019impossible r\u00e9forme&nbsp;\u00bb (30 p.), <em>in<\/em>&nbsp;: O. Agard et F. Lartillot, <a href=\"https:\/\/www.editions-harmattan.fr\/index.asp?navig=catalogue&amp;obj=livre&amp;no=48351\" target=\"_blank\" rel=\"noreferrer noopener\"><em>Le lib\u00e9ralisme<\/em> <em>de Wilhelm von Humboldt<\/em><\/a>, \u00ab&nbsp;De l\u2019allemand&nbsp;\u00bb, L\u2019Harmattan, 2015, p.&nbsp;89-119.<\/pre>\n\n\n\n<p class=\"has-text-align-center\"><em><span class=\"has-inline-color has-bright-red-color\">Th\u00e9orie critique du r\u00e9formisme r\u00e9volutionnaire<\/span><\/em><\/p>\n\n\n\n<p>Il s&#8217;agit d&#8217;esquisser une th\u00e9orie critique du r\u00e9formisme r\u00e9volutionnaire en d\u00e9cryptant l\u2019esprit r\u00e9volutionnaire de la pens\u00e9e politique de Kant, qui en fournirait le prototype. La m\u00e9thode interpr\u00e9tative consiste \u00e0 penser Kant dans son temps de fa\u00e7on \u00e0 mieux cerner la signification politique de sa position entre r\u00e9volution et r\u00e9forme. <\/p>\n\n\n\n<pre class=\"wp-block-preformatted\">C. Ferri\u00e9, <em><a rel=\"noreferrer noopener\" href=\"https:\/\/www.payot-rivages.fr\/payot\/livre\/le-conflit-des-facult%C3%A9s-9782228913355\" target=\"_blank\">La politique de Kant \u2013 un r\u00e9formisme r\u00e9volutionnaire<\/a> <\/em>(492 p.), \u00ab&nbsp;Critique de la politique&nbsp;\u00bb, Payot, mai 2016.<br><\/pre>\n\n\n\n<p>Loin d\u2019avoir accept\u00e9 la dichotomie d\u2019inspiration burkienne entre r\u00e9volution et r\u00e9forme, Kant lui oppose en effet un sch\u00e9ma d\u2019articulation d\u2019apr\u00e8s lequel la r\u00e9forme (r\u00e9volutionnaire) accomplit la r\u00e9volution. Anim\u00e9 par un esprit r\u00e9volutionnaire, le r\u00e9formisme kantien approuve le processus politique de la r\u00e9publicanisation par le moyen de la r\u00e9forme, tout en rendant justice \u00e0 la n\u00e9cessit\u00e9 du processus naturel de la r\u00e9volution qui r\u00e9agit \u00e0 l\u2019oppression impos\u00e9e \u00e0 la libert\u00e9. De ce fait, Kant se r\u00e9v\u00e8le \u00eatre le th\u00e9oricien d\u2019une r\u00e9forme r\u00e9volutionnaire qui bouleverse le syst\u00e8me monarchique de fond en comble.<\/p>\n\n\n\n<p>\u00c0 l\u2019\u00e9poque de la mondialisation, la r\u00e9flexion engag\u00e9e sur la politique entre r\u00e9forme et r\u00e9volution autorise un \u00e9clairage d\u00e9capant de la phase actuelle du processus de globalisation n\u00e9o-lib\u00e9rale&nbsp;: par contraste avec les am\u00e9liorations conservatrices du syst\u00e8me \u2013&nbsp;\u00e0 l\u2019heure actuelle, c\u2019est d\u00e9sormais la strat\u00e9gie des courants progressistes&nbsp;\u2013, les \u00ab&nbsp;r\u00e9formes structurelles&nbsp;\u00bb qui sont impos\u00e9es au monde entier sont, en fait, des contre-r\u00e9formes ou <em>d\u00e9formes<\/em> r\u00e9actionnaires. Autrement dit, le travail autour de Kant et la R\u00e9volution fran\u00e7aise contribue \u00e0 identifier un des dispositifs qui assurent la domination de l\u2019id\u00e9ologie n\u00e9o-lib\u00e9rale dans les esprits. Mais l&#8217;\u00e9lucidation de la position kantienne permet \u00e9galement de d\u00e9gager une position politique moderne qui s\u2019inscrit ouvertement dans une perspective d\u2019\u00e9mancipation de la soumission.<\/p>\n\n\n\n<pre class=\"wp-block-preformatted\">\u00ab&nbsp;<a rel=\"noreferrer noopener\" href=\"https:\/\/www.cairn.info\/revue-la-pensee-2016-2-page-64.htm\" target=\"_blank\">Le r\u00e9formisme en r\u00e9volution<\/a>&nbsp;\u00bb, <em>La pens\u00e9e<\/em>, n\u00b0&nbsp;386, <em>Kant en ses r\u00e9volutions<\/em>, avril\/juin 2016, p.&nbsp;64-77.<br>\u00ab&nbsp;<a href=\"https:\/\/www.cairn.info\/revue-lignes-2018-1-page-89.htm\" target=\"_blank\" rel=\"noreferrer noopener\">Agonie de la d\u00e9mocratie \u00e9lectoraliste<\/a>&nbsp;\u00bb (12 p.), <em>Lignes<\/em>, n\u00b0&nbsp;55,<em> Fini, c\u2019est fini, \u00e7a va finir\u2026 (abstentionnisme, populisme, d\u00e9gagisme, marchisme)<\/em>, f\u00e9v.&nbsp;2018, p.&nbsp;89-100.<\/pre>\n\n\n\n<p>L\u2019option d\u2019un r\u00e9formisme r\u00e9volutionnaire serait une des figures possibles d\u2019une utopie \u00e9mancipatoire qui ne se perdrait pas dans les nu\u00e9es d\u2019un avenir improbable, mais prendrait forme d\u00e8s \u00e0 pr\u00e9sent, <em>ici et maintenant<\/em>, dans le mouvement m\u00eame de l\u2019\u00e9mancipation en cours. C\u2019est l\u2019enjeu. Il ne s\u2019agit pas uniquement de livrer un diagnostic critique de l\u2019id\u00e9ologie dominante et une r\u00e9flexion sur les philosophies politiques de l\u2019\u00e9mancipation d\u00e9j\u00e0 existantes. Ambitieux s\u2019il en faut, le projet est bel et bien de concevoir une nouvelle philosophie politique de l\u2019\u00e9mancipation.<\/p>\n\n\n\n<pre class=\"wp-block-preformatted\">\u00ab&nbsp;<a href=\"https:\/\/www.cairn.info\/revue-lignes-2017-3-page-112.htm\" target=\"_blank\" rel=\"noreferrer noopener\">100 lignes d\u2019\u00e9mancipation \u00e0 l\u2019horizon<\/a>&nbsp;\u00bb (10 p.), <em>Lignes<\/em>, n\u00b0&nbsp;54,<em> Ici et maintenant<\/em>, oct.&nbsp;2017, p.&nbsp;112-121.<\/pre>\n\n\n\n<h5 class=\"has-text-align-center wp-block-heading\">l\u2019\u00e9mancipation et ses simulacres<\/h5>\n\n\n\n<p>Les projets d&#8217;\u00e9mancipation doivent s&#8217;\u00e9manciper des programmes pseudo-\u00e9mancipatoires. Deux impasses, parfois conjointes, s&#8217;opposent \u00e0 l&#8217;auto-\u00e9mancipation des groupes et des individus : encore et toujours, la confusion messianiste entre <em>d\u00e9livrance <\/em>et \u00e9mancipation ; \u00e0 l&#8217;heure actuelle, virulent s&#8217;il en faut, le discours &#8220;politiquement correct&#8221; contre l&#8217;oppression des <em>identit\u00e9s <\/em>soci\u00e9tales ou culturelles. <\/p>\n\n\n\n<p class=\"has-text-align-center\"><em><span class=\"has-inline-color has-bright-red-color\">\u00e9mancipation comme d\u00e9livrance effective<\/span><\/em><\/p>\n\n\n\n<p>La th\u00e9orie critique de l&#8217;\u00e9mancipation se d\u00e9marque radicalement du discours religieux sur la d\u00e9livrance, entendue comme salut spirituel, en rappelant le sens mat\u00e9riel ou temporel de la d\u00e9livrance effective des cha\u00eenes de l&#8217;oppression.  <\/p>\n\n\n<pre style=\"text-align: left; padding-left: 40px;\">\u1f29\u03bc\u03b5\u1fd6\u03c2 \u03b4\u1f72 \u1f20\u03bb\u03c0\u1f77\u03b6\u03bf\u03bc\u03b5\u03bd \u1f45\u03c4\u03b9 \u03b1\u1f50\u03c4\u1f79\u03c2 \u1f10\u03c3\u03c4\u03b9\u03bd \u1f41 \u03bc\u1f73\u03bb\u03bb\u03c9\u03bd <em>\u03bb\u03c5\u03c4\u03c1\u03bf\u1fe6\u03c3\u03b8\u03b1\u03b9<\/em> \u03c4\u1f78\u03bd \u1f38\u03c3\u03c1\u03b1\u1f75\u03bb.&nbsp;&nbsp;&nbsp; <\/pre>\n<p style=\"text-align: center;\">\u00ab nous esp\u00e9rions qu\u2019il serait celui qui d\u00e9livrerait Isra\u00ebl \u00bb <br>(Luc:24,21)&nbsp;&nbsp;&nbsp;&nbsp;&nbsp;<\/p>\n<p style=\"padding-left: 80px;\">Luther traduit le grec \u03bb\u03c5\u03c4\u03c1\u03cc\u03c9 (<em>d\u00e9livrer moyennant ran\u00e7on<\/em>, donc <em>racheter<\/em> au sens de <em>payer une ran\u00e7on<\/em>) par l&#8217;allemand <em>erl\u00f6sen,<\/em> terme qui a bien le sens ancien de lib\u00e9rer contre une somme d\u2019argent. L\u2019interpr\u00e9tation spiritualiste de ce passage efface le sens politique de <em>d\u00e9livrer <\/em>ou <em>lib\u00e9rer<\/em> au profit de la signification religieuse de <em>racheter <\/em>ou <em>sauver<\/em>.<\/p>\n\n\n<p>Seule la mort est, pour un individu, <em>d\u00e9livrance <\/em>absolue de la souffrance de vivre. Dans cette perspective existentielle d&#8217;\u00e9chapper au d\u00e9sespoir, Schopenhauer use pr\u00e9cis\u00e9ment du m\u00eame terme, <em>Erl\u00f6sung<\/em>, pour d\u00e9gager l&#8217;horizon d&#8217;un salut, qui est tout sauf une \u00e9mancipation : il s&#8217;agit d&#8217;en finir avec la douleur d&#8217;exister qui peut, dans la phase terminale d&#8217;une maladie, \u00eatre souffrance corporelle de vivre et, donc, d\u00e9faite relative de la joie de vivre (au sens de Spinoza). <\/p>\n\n\n\n<p> Il faut radicalement discerner ce plan individuel de l&#8217;exp\u00e9rience existentielle de la souffrance de vivre, situ\u00e9 \u00e0 un niveau fondamental et irr\u00e9ductible de l&#8217;\u00eatre humain au monde (<em>cf. <\/em><a href=\"https:\/\/www.per-turbas.fr\/index.php\/2020\/08\/21\/lacan-cc-2020\/\">Lacan<\/a>), et le plan collectif des obstacles effectifs que le syst\u00e8me antisocial oppose au plaisir de vivre des individus socialis\u00e9s, et ce \u00e0 plusieurs niveaux :<\/p>\n\n\n<p style=\"padding-left: 40px;\">conditions \u00e9cologiques de vie (destruction, rar\u00e9faction ou pollution des \u00e9l\u00e9ments comme l&#8217;air et l&#8217;eau), <br>conditions antisociales du travail (esclavage, servage, salariat, etc.),<br>conditions culturelles des \u00e9changes dont, en particulier, prohibition du commerce sexuel (hors mariage, homosexuel, etc.).<\/p>\n\n\n<p>Les deux plans, individuel et collectif, sont \u00e9videmment en corr\u00e9lation. D&#8217;une part, par exemple, un cancer provoqu\u00e9 par une centrale nucl\u00e9aire, les mauvais traitements au travail (harc\u00e8lement sexuel ou moral, etc.) ou la frustration engendr\u00e9e par la sur-r\u00e9pression religieuse et\/ou moraliste de la sexualit\u00e9 affectent la joie de vivre. D&#8217;autre part, inversement, la souffrance de vivre d&#8217;un individu peut l&#8217;amener \u00e0 laisser se d\u00e9cha\u00eener, au niveau collectif, des pulsions destructives : la fureur de destruction aveugle, dont <a href=\"https:\/\/www.per-turbas.fr\/index.php\/inconscient\/freud\/\">Freud<\/a> rend compte, peut se traduire par des d\u00e9cisions ou des mesures prises au m\u00e9pris des conditions de vie naturelles, et\/ou par des comportements sadiques envers les autres, le mal de vivre d&#8217;un d\u00e9cideur l&#8217;amenant \u00e0 abuser de sa position de pouvoir ou d&#8217;autorit\u00e9 en faisant souffrir ses subordonn\u00e9s de diff\u00e9rentes mani\u00e8res. <\/p>\n\n\n\n<p>Pour autant, l&#8217;\u00e9mancipation individuelle du d\u00e9sir de soumettre ou de se soumettre n&#8217;est pas de m\u00eame ordre que l&#8217;\u00e9mancipation collective \u00e0 l&#8217;endroit d&#8217;un syst\u00e8me de soumission antisociale. La confusion <em>messianiste <\/em>des deux plans est fatale, pour l&#8217;une comme pour l&#8217;autre forme d&#8217;\u00e9mancipation. <\/p>\n\n\n\n<p>Il ne s&#8217;agit pas de nier que la foi insuffl\u00e9e par certaines formes de messianisme et de renaissance vitaliste a pu, \u00e0 de multiples reprises dans l&#8217;histoire, donner de la force au mouvement d&#8217;\u00e9mancipation d&#8217;un syst\u00e8me d\u00e9termin\u00e9 de soumission, en particulier colonial, et m\u00eame impulser des mouvements de lib\u00e9ration nationale et\/ou sociale. Mais le messianisme th\u00e9ologico-politique introduit une eschatologie de la d\u00e9livrance <em>absolue <\/em>\u00e0 l&#8217;int\u00e9rieur d&#8217;une politique d&#8217;\u00e9mancipation effective. La repr\u00e9sentation messianiste de la fin comme terme extr\u00eame (<em>eschaton<\/em>) affecte d&#8217;un coefficient d\u2019absoluit\u00e9 la fin toute relative qu&#8217;un mouvement d&#8217;\u00e9mancipation, inscrit dans l&#8217;histoire et ins\u00e9r\u00e9 dans le monde, poursuit effectivement, <em>ici et maintenant<\/em>. <\/p>\n\n\n\n<p>Cette confusion fatale entre les objectifs, constitutivement relatifs, d&#8217;une politique d&#8217;\u00e9mancipation intrins\u00e8quement pragmatique et la fin derni\u00e8re ou ultime d&#8217;une d\u00e9livrance absolue de tous les maux se retourne in\u00e9vitablement et irr\u00e9m\u00e9diablement contre le mouvement d&#8217;\u00e9mancipation. C&#8217;est que la dissolution de la relativit\u00e9 a pour cons\u00e9quence l&#8217;intensification pol\u00e9mique du combat engag\u00e9 sous l&#8217;\u00e9gide d&#8217;un meneur, dont l&#8217;autorit\u00e9 spirituelle lui permet d&#8217;exiger la soumission sans faille des combattants afin de soumettre absolument l&#8217;ennemi. Au nom de la finalit\u00e9 fictive d&#8217;une d\u00e9livrance absolue, une telle (anti)politique messianiste impose la soumission comme moyen en contradiction avec la finalit\u00e9 effective du mouvement d&#8217;\u00e9mancipation et, donc, l&#8217;entra\u00eene dans une (anti)dialectique n\u00e9gatrice de l&#8217;\u00e9mancipation comme d\u00e9livrance effective.<\/p>\n\n\n\n<p class=\"has-text-align-center\"><em><span class=\"has-inline-color has-bright-red-color\">s&#8217;\u00e9manciper du dispositif identitaire<\/span><\/em><\/p>\n\n\n\n<p>Multimill\u00e9naire, le discours spirituel sur la d\u00e9livrance <em>absolue <\/em>des maux de cette terre n&#8217;est pas le seul facteur qui contribue \u00e0 l&#8217;autodestruction du projet d&#8217;\u00e9mancipation. \u00c0 la fin du si\u00e8cle dernier, le Tournant identitaire a imprim\u00e9 une tournure in\u00e9dite \u00e0 la dialectique n\u00e9gatrice de l&#8217;\u00e9mancipation, et ce alors que les effets d\u00e9vastateurs de la dialectique des Lumi\u00e8res s&#8217;\u00e9taient d\u00e9j\u00e0 fait tragiquement ressentir au cours du si\u00e8cle. <\/p>\n\n\n\n<p>Comme l\u2019a montr\u00e9 le destin totalitaire du projet d\u2019\u00e9mancipation socialiste, le retournement d\u2019une rationalit\u00e9 instrumentalis\u00e9e contre la puissance \u00e9mancipatoire des savoirs critiques a produit l&#8217;inversion du projet d\u2019\u00e9mancipation en programme de soumission. Au niveau primordial de la crise \u00e9cologique, le d\u00e9sir humain de s\u2019\u00e9manciper de la nature en la dominant de mani\u00e8re technique a, pour sa part, provoqu\u00e9 un processus de destruction de l\u2019\u00e9cosyst\u00e8me qui r\u00e9sulte du d\u00e9veloppement unilat\u00e9ral de la rationalit\u00e9 instrumentale \u00e0 l&#8217;int\u00e9rieur d\u2019un complexe technoscientifique au service de l\u2019appareil de surproduction capitaliste.<\/p>\n\n\n\n<p>\u00c0 l&#8217;heure actuelle, le projet d&#8217;\u00e9mancipation est en passe de s&#8217;effondrer de mani\u00e8re irr\u00e9m\u00e9diable. Mais ce renversement de perspective de l&#8217;histoire mondiale n&#8217;est pas seulement d\u00fb \u00e0 la force multiforme du syst\u00e8me de soumission antisociale, dont la puissance est, de surcro\u00eet, d\u00e9cupl\u00e9e par l&#8217;impuissance des mouvements d&#8217;\u00e9mancipation \u00e0 le combattre de mani\u00e8re coh\u00e9rente. Le dispositif de soumission antisociale au syst\u00e8me d&#8217;exploitation capitaliste et productiviste des &#8220;ressources&#8221; naturelles et humaines s&#8217;impose presque partout dans le monde, extorquant leur consentement aux esprits embrouill\u00e9s par le diptyque du n\u00e9olib\u00e9ralisme et du bellicisme. C&#8217;est, en effet, le dispositif id\u00e9ologique qui est actuellement mis en place, au niveau m\u00e9diatique, pour justifier la mont\u00e9e en puissance conjointe du Capital et de l&#8217;Arsenal : la globalisation capitaliste du syst\u00e8me productiviste et le processus pol\u00e9mique de surproduction des guerres en tout genre seraient n\u00e9cessaires au bien-\u00eatre et \u00e0 la paix dans le monde. Mais ce dispositif m\u00e9diatique, dor\u00e9navant, op\u00e8re en synergie avec une nouvelle forme d&#8217;ali\u00e9nation culturelle des esprits. <\/p>\n\n\n\n<p>Il y aurait, en quelque sorte, d\u00e9doublement in\u00e9dit de l&#8217;id\u00e9ologie dominante. Ce changement de strat\u00e9gie discursive n&#8217;affecte en rien la fonction de l&#8217;id\u00e9ologie, qui est de dominer les esprits : il s&#8217;agit encore et toujours de dissimuler le syst\u00e8me d&#8217;exploitation pour transmuer la soumission des sujets par la force en auto-soumission des esprits assujettis. Traditionnellement, le dispositif id\u00e9ologique mis en place par les intellectuels organiques s&#8217;adresse principalement aux couches populaires.  \u00c0 cette forme habituelle de l&#8217;id\u00e9ologie dominante s&#8217;ajoute, d\u00e9sormais, un discours d&#8217;un autre type qui, pour sa part, est h\u00e9g\u00e9monique \u00e0 la fois au sein de l&#8217;\u00e9lite politico-m\u00e9diatique et \u00e0 l&#8217;int\u00e9rieur de groupes militant contre les discriminations (racistes, sexistes, genristes, sp\u00e9cistes) : contre-culture <em>dominante<\/em>, le discours &#8220;politiquement correct&#8221; de d\u00e9fense des identit\u00e9s opprim\u00e9es et des m\u00e9moires bless\u00e9es a pris le pas sur la th\u00e9orie critique du syst\u00e8me antisocial. <\/p>\n\n\n\n<p>Devenu h\u00e9g\u00e9monique, ce discours &#8220;progressiste&#8221; est d&#8217;autant plus pernicieux qu&#8217;il se croit radical et \u00e9mancip\u00e9. En s&#8217;inscrivant en effet dans la lign\u00e9e des combats pour l&#8217;\u00e9mancipation des discriminations, ce dispositif discursif semble s&#8217;opposer au syst\u00e8me d&#8217;exploitation et de domination dans son ensemble. Pourtant, l&#8217;ultra-lib\u00e9ralisme de la tol\u00e9rance culturelle qu&#8217;il pr\u00e9suppose converge avec l&#8217;id\u00e9ologie dominante, qui pr\u00e9sente le syst\u00e8me pol\u00e9mique et antisocial comme politique et social, et la redouble m\u00eame paradoxalement en la dissimilant sous une masse de pol\u00e9miques culturalistes. <\/p>\n\n\n\n<p>Confront\u00e9 \u00e0 ce discours h\u00e9g\u00e9monique, nombre de groupes s&#8217;inscrivant dans la perspective de l&#8217;\u00e9mancipation se laissent entra\u00eener, et m\u00eame emporter, par la strat\u00e9gie <em>identitaire <\/em>de d\u00e9placement des conflits sociaux dans la sph\u00e8re culturelle ou soci\u00e9tale, o\u00f9 r\u00e8gne dor\u00e9navant le dispositif pol\u00e9mique d&#8217;affirmation identitaire des groupes et des individus. M\u00eame le camp, dit progressiste, des forces engag\u00e9es contre l\u2019antagonisme antisocial subit la force d\u2019attraction identitaire : il n&#8217;est plus question que d&#8217;<em>identit\u00e9<\/em>, que cette identit\u00e9 soit de genre, culturelle ou soci\u00e9tale. <\/p>\n\n\n\n<p>Or cette production identitaire de conflits intercommunautaires est partie prenante de l\u2019antagonisme antisocial de type vertical, qu\u2019elle duplique et d\u00e9place sur le plan horizontal, pour mieux refouler \u00e0 l\u2019arri\u00e8re-plan la constitution proprement <em>antisociale<\/em> de l\u2019antagonisme vertical. L\u2019antagonisme antisocial est d\u00e9sormais masqu\u00e9 par la virulence des antagonismes d\u2019une soci\u00e9t\u00e9 multiculturelle et multiconfessionnelle, dont les clivages identitaires surd\u00e9terminent la division antisociale&nbsp;: la soci\u00e9t\u00e9 hi\u00e9rarchis\u00e9e verticalement est comme <em>sur<\/em>-divis\u00e9e horizontalement. C\u2019est ainsi que les conflits entre communaut\u00e9s identitaires, d\u00e9sormais, prennent le pas sur les luttes sociales entre classes. <\/p>\n\n\n\n<p>Clivage et stigmatisation sont deux concepts pol\u00e9miques qui participent de la strat\u00e9gie d\u2019exacerbation des conflits men\u00e9e par des groupes en lutte symbolique ou id\u00e9ologique pour l\u2019h\u00e9g\u00e9monie culturelle. Dans ces conditions, il n&#8217;y a rien d&#8217;\u00e9tonnant \u00e0 ce que le discours &#8220;politiquement correct&#8221; contre l&#8217;oppression des identit\u00e9s soci\u00e9tales ou culturelles produise des effets pervers de rejet, qui prennent des aspects apparemment contradictoires, populistes et\/ou communautaristes, selon le type des groupes en conflit. Comme ces effets r\u00e9actifs convergent dans le sens du syst\u00e8me, la strat\u00e9gie pseudo-\u00e9mancipatoire, qui consiste \u00e0 prendre parti pour les communaut\u00e9s minoritaires en invoquant le rapport de force, quantitatif <em>vs <\/em>qualitatif, entre majorit\u00e9 et minorit\u00e9s, est vou\u00e9e \u00e0 l&#8217;\u00e9chec, enferm\u00e9e qu&#8217;elle est dans le syst\u00e8me de soumission antisociale. <\/p>\n\n\n\n<p>Au contraire, le projet politique d&#8217;\u00e9mancipation sociale implique de lutter contre cet antagonisme d\u2019ordre culturel, afin de rassembler toutes les forces potentiellement <em>sociales<\/em> dans un combat commun contre l\u2019antagonisme <em>antisocial<\/em>. Le combat contre les clivages d\u2019ordre culturel entre groupes sociaux pr\u00e9suppose de s&#8217;\u00e9manciper du principe d&#8217;identit\u00e9. Il est paradoxal, \u00e0 cet \u00e9gard, que la notion d&#8217;identit\u00e9 se soit impos\u00e9e au sein des groupes anti-sp\u00e9cistes, anti-sexistes et anti-racistes qui, bien souvent, pr\u00e9tendent critiquer l&#8217;essentialisation des diff\u00e9rences en inventant, \u00e0 la suite de Laclau, l&#8217;oxymore improbable d&#8217;une <em>identit\u00e9 <\/em>sans fixit\u00e9, mouvante et ouverte \u00e0 l&#8217;alt\u00e9rit\u00e9. Invoquant en toute contradiction la d\u00e9construction, ces groupes militants seraient mieux inspir\u00e9s de d\u00e9construire l&#8217;id\u00e9e m\u00eame d&#8217;identit\u00e9 au lieu de pr\u00e9supposer l&#8217;existence de cette identit\u00e9 fantasm\u00e9e sur la base d&#8217;un &#8220;ressenti&#8221; apparent\u00e9 \u00e0 du ressentiment. C&#8217;est pr\u00e9cis\u00e9ment \u00e0 cette intersection que se rejoignent les deux moments de l&#8217;\u00e9mancipation, individuelle et collective, comme mouvement d&#8217;ouverture \u00e0 l&#8217;alt\u00e9rit\u00e9 qui, constitutivement, est alt\u00e9ration et perturbation de la pseudo-identit\u00e9.<\/p>\n\n\n\n<p>S&#8217;\u00e9manciper du principe d&#8217;identit\u00e9 et de la logique identitaire est un pr\u00e9-r\u00e9quisit pour retrouver l&#8217;inspiration originaire des mouvements d&#8217;\u00e9mancipation effective de la soumission antisociale. Il ne peut y avoir d&#8217;\u00e9mancipation<em> ici et maintenant<\/em>, au sein des collectifs et des individus, sans ce mouvement d&#8217;ouverture \u00e0 l&#8217;alt\u00e9rit\u00e9 perturbante.<\/p>\n","protected":false},"excerpt":{"rendered":"<p>Hostile \u00e0 ce qui est humain, la propagande pr\u00e9suppose que le principe d&#8217;apr\u00e8s lequel la politique doit na\u00eetre d&#8217;une vision commune, ne serait qu&#8217;une fa\u00e7on de parler Max Horkheimer, &#8220;Propagande&#8221;, &hellip; <a href=\"https:\/\/www.per-turbas.fr\/index.php\/polis\/\" class=\"more-link\">Continue reading<span class=\"screen-reader-text\"> &#8220;polis&#8221;<\/span><\/a><\/p>\n","protected":false},"author":1,"featured_media":0,"parent":0,"menu_order":0,"comment_status":"closed","ping_status":"closed","template":"","meta":{"footnotes":""},"class_list":["post-53","page","type-page","status-publish","hentry"],"yoast_head":"<!-- This site is optimized with the Yoast SEO plugin v27.4 - https:\/\/yoast.com\/product\/yoast-seo-wordpress\/ -->\n<title>polis - per turbas<\/title>\n<meta name=\"description\" content=\"turba perturbation philosophie politique mouvement mobilisation soci\u00e9t\u00e9 inconscient psychanalyse ethnologie anthropologie pol\u00e9mique nature Clastres Kant per-turbas\" \/>\n<meta name=\"robots\" content=\"index, follow, max-snippet:-1, max-image-preview:large, max-video-preview:-1\" \/>\n<link rel=\"canonical\" href=\"https:\/\/www.per-turbas.fr\/index.php\/polis\/\" \/>\n<link rel=\"next\" href=\"https:\/\/www.per-turbas.fr\/index.php\/polis\/2\/\" \/>\n<meta property=\"og:locale\" content=\"en_US\" \/>\n<meta property=\"og:type\" content=\"article\" \/>\n<meta property=\"og:title\" content=\"polis - per turbas\" \/>\n<meta property=\"og:description\" content=\"turba perturbation philosophie politique mouvement mobilisation soci\u00e9t\u00e9 inconscient psychanalyse ethnologie anthropologie pol\u00e9mique nature Clastres Kant per-turbas\" \/>\n<meta property=\"og:url\" content=\"https:\/\/www.per-turbas.fr\/index.php\/polis\/\" \/>\n<meta property=\"og:site_name\" content=\"per turbas\" \/>\n<meta property=\"article:modified_time\" content=\"2022-03-20T17:14:14+00:00\" \/>\n<meta property=\"og:image\" content=\"http:\/\/www.per-turbas.fr\/wp-content\/uploads\/2022\/01\/CF-2021-couv-et-4e-Guerre-ou-Politique-1024x655.jpg\" \/>\n<meta name=\"twitter:card\" content=\"summary_large_image\" \/>\n<meta name=\"twitter:label1\" content=\"Est. reading time\" \/>\n\t<meta name=\"twitter:data1\" content=\"39 minutes\" \/>\n<script type=\"application\/ld+json\" class=\"yoast-schema-graph\">{\"@context\":\"https:\\\/\\\/schema.org\",\"@graph\":[{\"@type\":\"WebPage\",\"@id\":\"https:\\\/\\\/www.per-turbas.fr\\\/index.php\\\/polis\\\/\",\"url\":\"https:\\\/\\\/www.per-turbas.fr\\\/index.php\\\/polis\\\/\",\"name\":\"polis - per turbas\",\"isPartOf\":{\"@id\":\"https:\\\/\\\/www.per-turbas.fr\\\/#website\"},\"primaryImageOfPage\":{\"@id\":\"https:\\\/\\\/www.per-turbas.fr\\\/index.php\\\/polis\\\/#primaryimage\"},\"image\":{\"@id\":\"https:\\\/\\\/www.per-turbas.fr\\\/index.php\\\/polis\\\/#primaryimage\"},\"thumbnailUrl\":\"http:\\\/\\\/www.per-turbas.fr\\\/wp-content\\\/uploads\\\/2022\\\/01\\\/CF-2021-couv-et-4e-Guerre-ou-Politique-1024x655.jpg\",\"datePublished\":\"2020-07-29T07:31:25+00:00\",\"dateModified\":\"2022-03-20T17:14:14+00:00\",\"description\":\"turba perturbation philosophie politique mouvement mobilisation soci\u00e9t\u00e9 inconscient psychanalyse ethnologie anthropologie pol\u00e9mique nature Clastres Kant per-turbas\",\"inLanguage\":\"en-US\",\"potentialAction\":[{\"@type\":\"ReadAction\",\"target\":[\"https:\\\/\\\/www.per-turbas.fr\\\/index.php\\\/polis\\\/\"]}]},{\"@type\":\"ImageObject\",\"inLanguage\":\"en-US\",\"@id\":\"https:\\\/\\\/www.per-turbas.fr\\\/index.php\\\/polis\\\/#primaryimage\",\"url\":\"https:\\\/\\\/www.per-turbas.fr\\\/wp-content\\\/uploads\\\/2022\\\/01\\\/CF-2021-couv-et-4e-Guerre-ou-Politique-scaled.jpg\",\"contentUrl\":\"https:\\\/\\\/www.per-turbas.fr\\\/wp-content\\\/uploads\\\/2022\\\/01\\\/CF-2021-couv-et-4e-Guerre-ou-Politique-scaled.jpg\",\"width\":2560,\"height\":1637},{\"@type\":\"WebSite\",\"@id\":\"https:\\\/\\\/www.per-turbas.fr\\\/#website\",\"url\":\"https:\\\/\\\/www.per-turbas.fr\\\/\",\"name\":\"per turbas\",\"description\":\"le site philosophique de Christian Ferri\u00e9\",\"publisher\":{\"@id\":\"https:\\\/\\\/www.per-turbas.fr\\\/#\\\/schema\\\/person\\\/f9d39376436e76bb0cb2e044e2d2b73d\"},\"potentialAction\":[{\"@type\":\"SearchAction\",\"target\":{\"@type\":\"EntryPoint\",\"urlTemplate\":\"https:\\\/\\\/www.per-turbas.fr\\\/?s={search_term_string}\"},\"query-input\":{\"@type\":\"PropertyValueSpecification\",\"valueRequired\":true,\"valueName\":\"search_term_string\"}}],\"inLanguage\":\"en-US\"},{\"@type\":[\"Person\",\"Organization\"],\"@id\":\"https:\\\/\\\/www.per-turbas.fr\\\/#\\\/schema\\\/person\\\/f9d39376436e76bb0cb2e044e2d2b73d\",\"name\":\"CF-\u00e9dition\",\"image\":{\"@type\":\"ImageObject\",\"inLanguage\":\"en-US\",\"@id\":\"https:\\\/\\\/secure.gravatar.com\\\/avatar\\\/65f88c205a5c581bca7da880d8b1f9ca1f4b8c3d0229d2ed9b48acc1ee61ea6b?s=96&d=mm&r=g\",\"url\":\"https:\\\/\\\/secure.gravatar.com\\\/avatar\\\/65f88c205a5c581bca7da880d8b1f9ca1f4b8c3d0229d2ed9b48acc1ee61ea6b?s=96&d=mm&r=g\",\"contentUrl\":\"https:\\\/\\\/secure.gravatar.com\\\/avatar\\\/65f88c205a5c581bca7da880d8b1f9ca1f4b8c3d0229d2ed9b48acc1ee61ea6b?s=96&d=mm&r=g\",\"caption\":\"CF-\u00e9dition\"},\"logo\":{\"@id\":\"https:\\\/\\\/secure.gravatar.com\\\/avatar\\\/65f88c205a5c581bca7da880d8b1f9ca1f4b8c3d0229d2ed9b48acc1ee61ea6b?s=96&d=mm&r=g\"}}]}<\/script>\n<!-- \/ Yoast SEO plugin. -->","yoast_head_json":{"title":"polis - per turbas","description":"turba perturbation philosophie politique mouvement mobilisation soci\u00e9t\u00e9 inconscient psychanalyse ethnologie anthropologie pol\u00e9mique nature Clastres Kant per-turbas","robots":{"index":"index","follow":"follow","max-snippet":"max-snippet:-1","max-image-preview":"max-image-preview:large","max-video-preview":"max-video-preview:-1"},"canonical":"https:\/\/www.per-turbas.fr\/index.php\/polis\/","next":"https:\/\/www.per-turbas.fr\/index.php\/polis\/2\/","og_locale":"en_US","og_type":"article","og_title":"polis - per turbas","og_description":"turba perturbation philosophie politique mouvement mobilisation soci\u00e9t\u00e9 inconscient psychanalyse ethnologie anthropologie pol\u00e9mique nature Clastres Kant per-turbas","og_url":"https:\/\/www.per-turbas.fr\/index.php\/polis\/","og_site_name":"per turbas","article_modified_time":"2022-03-20T17:14:14+00:00","og_image":[{"url":"http:\/\/www.per-turbas.fr\/wp-content\/uploads\/2022\/01\/CF-2021-couv-et-4e-Guerre-ou-Politique-1024x655.jpg","type":"","width":"","height":""}],"twitter_card":"summary_large_image","twitter_misc":{"Est. reading time":"39 minutes"},"schema":{"@context":"https:\/\/schema.org","@graph":[{"@type":"WebPage","@id":"https:\/\/www.per-turbas.fr\/index.php\/polis\/","url":"https:\/\/www.per-turbas.fr\/index.php\/polis\/","name":"polis - per turbas","isPartOf":{"@id":"https:\/\/www.per-turbas.fr\/#website"},"primaryImageOfPage":{"@id":"https:\/\/www.per-turbas.fr\/index.php\/polis\/#primaryimage"},"image":{"@id":"https:\/\/www.per-turbas.fr\/index.php\/polis\/#primaryimage"},"thumbnailUrl":"http:\/\/www.per-turbas.fr\/wp-content\/uploads\/2022\/01\/CF-2021-couv-et-4e-Guerre-ou-Politique-1024x655.jpg","datePublished":"2020-07-29T07:31:25+00:00","dateModified":"2022-03-20T17:14:14+00:00","description":"turba perturbation philosophie politique mouvement mobilisation soci\u00e9t\u00e9 inconscient psychanalyse ethnologie anthropologie pol\u00e9mique nature Clastres Kant per-turbas","inLanguage":"en-US","potentialAction":[{"@type":"ReadAction","target":["https:\/\/www.per-turbas.fr\/index.php\/polis\/"]}]},{"@type":"ImageObject","inLanguage":"en-US","@id":"https:\/\/www.per-turbas.fr\/index.php\/polis\/#primaryimage","url":"https:\/\/www.per-turbas.fr\/wp-content\/uploads\/2022\/01\/CF-2021-couv-et-4e-Guerre-ou-Politique-scaled.jpg","contentUrl":"https:\/\/www.per-turbas.fr\/wp-content\/uploads\/2022\/01\/CF-2021-couv-et-4e-Guerre-ou-Politique-scaled.jpg","width":2560,"height":1637},{"@type":"WebSite","@id":"https:\/\/www.per-turbas.fr\/#website","url":"https:\/\/www.per-turbas.fr\/","name":"per turbas","description":"le site philosophique de Christian Ferri\u00e9","publisher":{"@id":"https:\/\/www.per-turbas.fr\/#\/schema\/person\/f9d39376436e76bb0cb2e044e2d2b73d"},"potentialAction":[{"@type":"SearchAction","target":{"@type":"EntryPoint","urlTemplate":"https:\/\/www.per-turbas.fr\/?s={search_term_string}"},"query-input":{"@type":"PropertyValueSpecification","valueRequired":true,"valueName":"search_term_string"}}],"inLanguage":"en-US"},{"@type":["Person","Organization"],"@id":"https:\/\/www.per-turbas.fr\/#\/schema\/person\/f9d39376436e76bb0cb2e044e2d2b73d","name":"CF-\u00e9dition","image":{"@type":"ImageObject","inLanguage":"en-US","@id":"https:\/\/secure.gravatar.com\/avatar\/65f88c205a5c581bca7da880d8b1f9ca1f4b8c3d0229d2ed9b48acc1ee61ea6b?s=96&d=mm&r=g","url":"https:\/\/secure.gravatar.com\/avatar\/65f88c205a5c581bca7da880d8b1f9ca1f4b8c3d0229d2ed9b48acc1ee61ea6b?s=96&d=mm&r=g","contentUrl":"https:\/\/secure.gravatar.com\/avatar\/65f88c205a5c581bca7da880d8b1f9ca1f4b8c3d0229d2ed9b48acc1ee61ea6b?s=96&d=mm&r=g","caption":"CF-\u00e9dition"},"logo":{"@id":"https:\/\/secure.gravatar.com\/avatar\/65f88c205a5c581bca7da880d8b1f9ca1f4b8c3d0229d2ed9b48acc1ee61ea6b?s=96&d=mm&r=g"}}]}},"_links":{"self":[{"href":"https:\/\/www.per-turbas.fr\/index.php\/wp-json\/wp\/v2\/pages\/53","targetHints":{"allow":["GET"]}}],"collection":[{"href":"https:\/\/www.per-turbas.fr\/index.php\/wp-json\/wp\/v2\/pages"}],"about":[{"href":"https:\/\/www.per-turbas.fr\/index.php\/wp-json\/wp\/v2\/types\/page"}],"author":[{"embeddable":true,"href":"https:\/\/www.per-turbas.fr\/index.php\/wp-json\/wp\/v2\/users\/1"}],"replies":[{"embeddable":true,"href":"https:\/\/www.per-turbas.fr\/index.php\/wp-json\/wp\/v2\/comments?post=53"}],"version-history":[{"count":0,"href":"https:\/\/www.per-turbas.fr\/index.php\/wp-json\/wp\/v2\/pages\/53\/revisions"}],"wp:attachment":[{"href":"https:\/\/www.per-turbas.fr\/index.php\/wp-json\/wp\/v2\/media?parent=53"}],"curies":[{"name":"wp","href":"https:\/\/api.w.org\/{rel}","templated":true}]}}