{"id":1591,"date":"2020-10-31T12:14:41","date_gmt":"2020-10-31T11:14:41","guid":{"rendered":"http:\/\/www.per-turbas.fr\/?page_id=1591"},"modified":"2021-09-11T16:17:35","modified_gmt":"2021-09-11T14:17:35","slug":"theorie-critique","status":"publish","type":"page","link":"https:\/\/www.per-turbas.fr\/index.php\/theorie-critique\/","title":{"rendered":"Th\u00e9orie critique"},"content":{"rendered":"\n<p>S\u2019inscrivant dans la lign\u00e9e de la Th\u00e9orie critique de la soci\u00e9t\u00e9 \u00e9labor\u00e9e par l\u2019\u00c9cole de Francfort, la pens\u00e9e sociale qui s&#8217;expose sur ce site s\u2019inspire, sans exclusive ni dogmatisme, de ses diff\u00e9rentes moutures ou strates, depuis le d\u00e9but de son histoire (Horkheimer, Adorno) jusqu\u2019\u00e0 pr\u00e9sent (Habermas, Honneth) en passant par tous ses collaborateurs (Benjamin, Marcuse, etc.). <\/p>\n\n\n\n<pre class=\"wp-block-preformatted\">un cours sur les textes inauguraux de Max <a href=\"https:\/\/www.per-turbas.fr\/index.php\/theorie-critique\/horkheimer\/\">Horkheimer<\/a>, dont en particulier \u00ab <em>Geschichte und Psychologie <\/em>\u00bb (1932), profess\u00e9 \u00e0 plusieurs reprises, sera mis en ligne d\u00e8s que possible, ainsi qu'une \u00e9tude de la <em>Th\u00e9orie de l'agir communicatif<\/em> (1982) de J\u00fcrgen Habermas <\/pre>\n\n\n\n<p>En s&#8217;appuyant sur ces avanc\u00e9es, tout en puisant dans d&#8217;autres travaux, notamment de facture ethnologique, il s&#8217;agit d&#8217;esquisser une analyse <em>critique<\/em> de la soci\u00e9t\u00e9 actuelle dans le souci d&#8217;orienter la r\u00e9flexion et l&#8217;action vers l\u2019\u00e9mancipation des dispositifs d\u2019oppression et de soumission. La m\u00e9thode employ\u00e9e \u00e0 cette fin par la pens\u00e9e critique consiste \u00e0 analyser <em>les sens<\/em> divergents des termes utilis\u00e9s pour \u00e9laborer une telle th\u00e9orie critique de l&#8217;\u00e9poque actuelle. <\/p>\n\n\n\n<p>Sans pour autant se figer en syst\u00e8me clos, \u00e0 l&#8217;instar des doctrines qui pr\u00e9tendent dogmatiquement \u00eatre parvenues \u00e0 tout comprendre en une totalit\u00e9 circulairement renferm\u00e9e sur ses propres pr\u00e9suppos\u00e9s, imperturbables, l&#8217;ensemble form\u00e9 par les quelques \u00e9l\u00e9ments esquiss\u00e9s en ce sens, sur ce site, \u00e0 diff\u00e9rents moments de la r\u00e9flexion constituent, ensemble, un complexe de renvoi mutuel. Il convient, \u00e0 pr\u00e9sent, de r\u00e9capituler ces analyses esquiss\u00e9es en vue d&#8217;une th\u00e9orie critique de la soci\u00e9t\u00e9, en les assignant aux diff\u00e9rentes rubriques du site  :<\/p>\n\n\n<p style=\"padding-left: 40px;\">1.<br>\u00e0<em> un niveau \u00e9l\u00e9mentaire<\/em>, <br>th\u00e9orie critique de l\u2019\u00eatre \u00ab humain \u00bb au sein de la nature (<em><a href=\"https:\/\/www.per-turbas.fr\/index.php\/phusis\/\" data-rich-text-format-boundary=\"true\">physis <\/a><\/em>), sous la figure d&#8217;une <a href=\"https:\/\/www.per-turbas.fr\/index.php\/phusis\/4\/\">antinomie du rapport socio-culturel \u00e0 la nature<\/a> (pr\u00e9lever <em>vs <\/em>exploiter) et, donc, th\u00e9orie critique de la <a href=\"https:\/\/www.per-turbas.fr\/index.php\/culture\/\">culture<\/a>, \u00e0 peine esquiss\u00e9e, et th\u00e9orie critique de la religion, pas m\u00eame \u00e9voqu\u00e9e ;<br>2.<br><em>\u00e0 un niveau fondamental<\/em>, <br>th\u00e9orie critique de la soci\u00e9t\u00e9 divis\u00e9e ou stratifi\u00e9e, c&#8217;est-\u00e0-dire structur\u00e9e comme <span class=\"has-inline-color has-bright-blue-color\"><a href=\"https:\/\/www.per-turbas.fr\/index.php\/societas\/5\/\">syst\u00e8me (anti)social de soumission<\/a> <\/span>(<em>societas, <\/em>p.5), et, donc, th\u00e9orie critique du politique, qui se d\u00e9ploie sous diff\u00e9rentes formes \u00e0 articuler :<\/p>\n<p style=\"padding-left: 80px;\">2.1 <br>th\u00e9orie critique de la soci\u00e9t\u00e9 <em>politique<\/em> (<a href=\"https:\/\/www.per-turbas.fr\/index.php\/polis\/\"><em>polis<\/em><\/a>), qui soumet <a href=\"https:\/\/www.per-turbas.fr\/index.php\/polis\/3\/\">les sens du politique<\/a> \u00e0 la critique, dont le corollaire serait une th\u00e9orie critique de l&#8217;espace public, fissur\u00e9 entre discussion argument\u00e9e des positions politiques (Kant <em>vs<\/em> Habermas) et expression affective des opinions pol\u00e9miques (notamment, entre-temps, dans le cadre contemporain des r\u00e9seaux dits &#8220;sociaux&#8221;) ;<br>2.2<br>et, donc, th\u00e9orie critique des formes de conflit (<a href=\"https:\/\/www.per-turbas.fr\/index.php\/polis\/2\/\">la politique contre la guerre<\/a>), dont les corollaires sont une th\u00e9orie critique du sens des guerres (<a href=\"https:\/\/www.per-turbas.fr\/index.php\/polemos\/\"><em data-rich-text-format-boundary=\"true\">p\u00f3lemos<\/em><\/a>) et une th\u00e9orie critique de la violence, laquelle confrontera <em>On violence<\/em> (1972) d&#8217;Arendt et&nbsp;<em>Zur Kritik der Gewalt<\/em> (1920-1921?) de Benjamin ;<br>2.3 <br>enfin, <a href=\"https:\/\/www.per-turbas.fr\/index.php\/polis\/4\/\">th\u00e9orie critique du mouvement politique<\/a> et, donc, <a href=\"https:\/\/www.per-turbas.fr\/index.php\/polis\/5\/\">th\u00e9orie critique de l\u2019\u00e9mancipation<\/a> impliquant une r\u00e9flexion critique sur le<span class=\"has-inline-color has-bright-blue-color\"> <a href=\"https:\/\/www.per-turbas.fr\/index.php\/societas\/7\/\">sens politique de l\u2019\u00e9mancipation sociale<\/a><\/span>.<\/p>\n<p style=\"padding-left: 40px;\">3.<br><em>\u00e0 un niveau crucial<\/em>, <br>th\u00e9orie critique de l&#8217;identit\u00e9 personnelle et collective, \u00e0 l&#8217;heure de la crise identitaire comme sympt\u00f4me r\u00e9actif \u00e0 l&#8217;\u00e8re globalitaire, dont il s&#8217;agit de proposer un diagnostic \u00e0 travers l&#8217;esquisse d&#8217;une <a href=\"https:\/\/www.per-turbas.fr\/index.php\/inconscient\/freud\/2\/\">gen\u00e8se du narcissisme identitaire<\/a>&#8230;<\/p>\n\n\n<p>En contrepoint, l&#8217;ensemble pr\u00e9suppose une sorte de th\u00e9orie de la connaissance sous la forme d\u00e9doubl\u00e9e d&#8217;une th\u00e9orie critique de l&#8217;interpr\u00e9tation (<a href=\"https:\/\/www.per-turbas.fr\/index.php\/hermeneutique\/\"><em>hermeneuia<\/em><\/a>), qui aboutit \u00e0 une <a href=\"https:\/\/www.per-turbas.fr\/index.php\/hermeneutique\/4\/\">th\u00e9orie critique de l&#8217;\u00e9poque<\/a>, et d&#8217;une th\u00e9orie critique de l&#8217;id\u00e9ologie dominante (p.3), d\u00e9sormais partag\u00e9e entre la justification traditionnelle du syst\u00e8me de soumission antisociale (par les intellectuels organiques) et le nouveau discours de d\u00e9fense \u00ab politiquement correcte \u00bb  des identit\u00e9s opprim\u00e9es (h\u00e9g\u00e9monique au sein de l&#8217;\u00e9lite culturelle), qui fait partie int\u00e9grante de la <a href=\"https:\/\/www.per-turbas.fr\/index.php\/polis\/5\/\">th\u00e9orie critique de l&#8217;\u00e9mancipation<\/a>.<\/p>\n\n\n\n<p>La th\u00e9orie critique de l&#8217;id\u00e9ologie dominante, dont Kant aurait propos\u00e9 une sorte de mod\u00e8le avant la lettre (<a href=\"https:\/\/www.per-turbas.fr\/index.php\/theorie-critique\/2\/\">p.2<\/a>), m\u00e9rite d&#8217;\u00eatre esquiss\u00e9e sous la forme d&#8217;une th\u00e9orie critique de la communication m\u00e9diatique (p.3, \u00e0 venir) <\/p>\n\n\n\n<!--nextpage-->\n\n\n\n<h5 class=\"has-text-align-center wp-block-heading\"><span class=\"has-inline-color has-bright-red-color\">Kant pr\u00e9curseur<\/span> <\/h5>\n\n\n\n<p>Comme son nom l&#8217;indique, la th\u00e9orie <em>critique <\/em>s&#8217;inscrit ouvertement dans le sillage de Kant, dont Horkheimer se r\u00e9clame tout aussi clairement que Habermas. Reste que la pens\u00e9e critique de Kant n&#8217;arr\u00eate pas plus de s&#8217;\u00e9laborer avec la <em>Critique de la facult\u00e9 de juger<\/em> (1790) qu&#8217;elle ne commence avec la <em>Critique de la raison pure<\/em> (1781). Censur\u00e9 dans sa premi\u00e8re mouture en 1793, le <em>Conflit des Facult\u00e9s<\/em> (1797) peut \u00eatre consid\u00e9r\u00e9 comme un testament politique, dans lequel Kant formule une sorte de th\u00e9orie critique de la soci\u00e9t\u00e9 avant la lettre. <\/p>\n\n\n\n<p>C&#8217;est, du moins, l&#8217;hypoth\u00e8se interpr\u00e9tative que la postface \u00e0 ma traduction de cet ouvrage soutient. En effet, l&#8217;introduction propose une th\u00e9orie critique du conflit politique (p.325-328) en esquissant &#8220;un mod\u00e8le de th\u00e9orie critique de l&#8217;id\u00e9ologie&#8221; (p.329-342). Pour sa part, la premi\u00e8re section sur le conflit th\u00e9ologico-politique \u00e9labore &#8220;une th\u00e9orie critique des messianismes&#8221; (p.349-372), laquelle compl\u00e8te la th\u00e9orie critique de la religion cultuelle, reposant sur une foi d&#8217;\u00e9glise, que Kant avait rendue publique dans la <em>Religion dans les limites de la simple raison<\/em> (1793). Si la troisi\u00e8me section sur le conflit m\u00e9dical avance une th\u00e9orie critique de la sant\u00e9 corporelle, qui d\u00e9fend le principe d&#8217;une m\u00e9decine pr\u00e9ventive contre la doctrine curative de la Facult\u00e9 de m\u00e9decine (p.344-347), la seconde section sur le conflit juridico-politique \u00e9bauche une th\u00e9orie critique de l&#8217;action politique, partag\u00e9e entre r\u00e9forme et r\u00e9volution (p.373-386), qui ouvre m\u00eame \u00e0 une th\u00e9orie critique de l&#8217;histoire (p.387-388).<\/p>\n\n\n\n<pre class=\"wp-block-preformatted\"><em>Cf.<\/em> C. Ferri\u00e9, \u00ab&nbsp;Le testament politique de Kant&nbsp;\u00bb, postface \u00e0 <em><a href=\"https:\/\/www.payot-rivages.fr\/payot\/livre\/la-politique-de-kant-un-r%C3%A9formisme-r%C3%A9volutionnaire-9782228915649\"><em>Le Conflit des Facult\u00e9s<\/em> <em>et autres textes sur la r\u00e9volution<\/em><\/a><\/em> (2015). <\/pre>\n","protected":false},"excerpt":{"rendered":"<p>S\u2019inscrivant dans la lign\u00e9e de la Th\u00e9orie critique de la soci\u00e9t\u00e9 \u00e9labor\u00e9e par l\u2019\u00c9cole de Francfort, la pens\u00e9e sociale qui s&#8217;expose sur ce site s\u2019inspire, sans exclusive ni dogmatisme, de &hellip; <a href=\"https:\/\/www.per-turbas.fr\/index.php\/theorie-critique\/\" class=\"more-link\">Continue reading<span class=\"screen-reader-text\"> &#8220;Th\u00e9orie critique&#8221;<\/span><\/a><\/p>\n","protected":false},"author":1,"featured_media":0,"parent":0,"menu_order":0,"comment_status":"closed","ping_status":"closed","template":"","meta":{"footnotes":""},"class_list":["post-1591","page","type-page","status-publish","hentry"],"yoast_head":"<!-- This site is optimized with the Yoast SEO plugin v27.4 - https:\/\/yoast.com\/product\/yoast-seo-wordpress\/ -->\n<title>Th\u00e9orie critique - per turbas<\/title>\n<meta name=\"description\" content=\"turba perturbation philosophie politique mouvement mobilisation soci\u00e9t\u00e9 inconscient psychanalyse ethnologie anthropologie pol\u00e9mique nature Clastres Kant per-turbas\" \/>\n<meta name=\"robots\" content=\"index, follow, max-snippet:-1, max-image-preview:large, max-video-preview:-1\" \/>\n<link rel=\"canonical\" href=\"https:\/\/www.per-turbas.fr\/index.php\/theorie-critique\/\" \/>\n<link rel=\"next\" href=\"https:\/\/www.per-turbas.fr\/index.php\/theorie-critique\/2\/\" \/>\n<meta property=\"og:locale\" content=\"en_US\" \/>\n<meta property=\"og:type\" content=\"article\" \/>\n<meta property=\"og:title\" content=\"Th\u00e9orie critique - per turbas\" \/>\n<meta property=\"og:description\" content=\"turba perturbation philosophie politique mouvement mobilisation soci\u00e9t\u00e9 inconscient psychanalyse ethnologie anthropologie pol\u00e9mique nature Clastres Kant per-turbas\" \/>\n<meta property=\"og:url\" content=\"https:\/\/www.per-turbas.fr\/index.php\/theorie-critique\/\" \/>\n<meta property=\"og:site_name\" content=\"per turbas\" \/>\n<meta property=\"article:modified_time\" content=\"2021-09-11T14:17:35+00:00\" \/>\n<meta name=\"twitter:card\" content=\"summary_large_image\" \/>\n<meta name=\"twitter:label1\" content=\"Est. reading time\" \/>\n\t<meta name=\"twitter:data1\" content=\"4 minutes\" \/>\n<script type=\"application\/ld+json\" class=\"yoast-schema-graph\">{\"@context\":\"https:\\\/\\\/schema.org\",\"@graph\":[{\"@type\":\"WebPage\",\"@id\":\"https:\\\/\\\/www.per-turbas.fr\\\/index.php\\\/theorie-critique\\\/\",\"url\":\"https:\\\/\\\/www.per-turbas.fr\\\/index.php\\\/theorie-critique\\\/\",\"name\":\"Th\u00e9orie critique - per turbas\",\"isPartOf\":{\"@id\":\"https:\\\/\\\/www.per-turbas.fr\\\/#website\"},\"datePublished\":\"2020-10-31T11:14:41+00:00\",\"dateModified\":\"2021-09-11T14:17:35+00:00\",\"description\":\"turba perturbation philosophie politique mouvement mobilisation soci\u00e9t\u00e9 inconscient psychanalyse ethnologie anthropologie pol\u00e9mique nature Clastres Kant per-turbas\",\"inLanguage\":\"en-US\",\"potentialAction\":[{\"@type\":\"ReadAction\",\"target\":[\"https:\\\/\\\/www.per-turbas.fr\\\/index.php\\\/theorie-critique\\\/\"]}]},{\"@type\":\"WebSite\",\"@id\":\"https:\\\/\\\/www.per-turbas.fr\\\/#website\",\"url\":\"https:\\\/\\\/www.per-turbas.fr\\\/\",\"name\":\"per turbas\",\"description\":\"le site philosophique de Christian Ferri\u00e9\",\"publisher\":{\"@id\":\"https:\\\/\\\/www.per-turbas.fr\\\/#\\\/schema\\\/person\\\/f9d39376436e76bb0cb2e044e2d2b73d\"},\"potentialAction\":[{\"@type\":\"SearchAction\",\"target\":{\"@type\":\"EntryPoint\",\"urlTemplate\":\"https:\\\/\\\/www.per-turbas.fr\\\/?s={search_term_string}\"},\"query-input\":{\"@type\":\"PropertyValueSpecification\",\"valueRequired\":true,\"valueName\":\"search_term_string\"}}],\"inLanguage\":\"en-US\"},{\"@type\":[\"Person\",\"Organization\"],\"@id\":\"https:\\\/\\\/www.per-turbas.fr\\\/#\\\/schema\\\/person\\\/f9d39376436e76bb0cb2e044e2d2b73d\",\"name\":\"CF-\u00e9dition\",\"image\":{\"@type\":\"ImageObject\",\"inLanguage\":\"en-US\",\"@id\":\"https:\\\/\\\/secure.gravatar.com\\\/avatar\\\/65f88c205a5c581bca7da880d8b1f9ca1f4b8c3d0229d2ed9b48acc1ee61ea6b?s=96&d=mm&r=g\",\"url\":\"https:\\\/\\\/secure.gravatar.com\\\/avatar\\\/65f88c205a5c581bca7da880d8b1f9ca1f4b8c3d0229d2ed9b48acc1ee61ea6b?s=96&d=mm&r=g\",\"contentUrl\":\"https:\\\/\\\/secure.gravatar.com\\\/avatar\\\/65f88c205a5c581bca7da880d8b1f9ca1f4b8c3d0229d2ed9b48acc1ee61ea6b?s=96&d=mm&r=g\",\"caption\":\"CF-\u00e9dition\"},\"logo\":{\"@id\":\"https:\\\/\\\/secure.gravatar.com\\\/avatar\\\/65f88c205a5c581bca7da880d8b1f9ca1f4b8c3d0229d2ed9b48acc1ee61ea6b?s=96&d=mm&r=g\"}}]}<\/script>\n<!-- \/ Yoast SEO plugin. -->","yoast_head_json":{"title":"Th\u00e9orie critique - per turbas","description":"turba perturbation philosophie politique mouvement mobilisation soci\u00e9t\u00e9 inconscient psychanalyse ethnologie anthropologie pol\u00e9mique nature Clastres Kant per-turbas","robots":{"index":"index","follow":"follow","max-snippet":"max-snippet:-1","max-image-preview":"max-image-preview:large","max-video-preview":"max-video-preview:-1"},"canonical":"https:\/\/www.per-turbas.fr\/index.php\/theorie-critique\/","next":"https:\/\/www.per-turbas.fr\/index.php\/theorie-critique\/2\/","og_locale":"en_US","og_type":"article","og_title":"Th\u00e9orie critique - per turbas","og_description":"turba perturbation philosophie politique mouvement mobilisation soci\u00e9t\u00e9 inconscient psychanalyse ethnologie anthropologie pol\u00e9mique nature Clastres Kant per-turbas","og_url":"https:\/\/www.per-turbas.fr\/index.php\/theorie-critique\/","og_site_name":"per turbas","article_modified_time":"2021-09-11T14:17:35+00:00","twitter_card":"summary_large_image","twitter_misc":{"Est. reading time":"4 minutes"},"schema":{"@context":"https:\/\/schema.org","@graph":[{"@type":"WebPage","@id":"https:\/\/www.per-turbas.fr\/index.php\/theorie-critique\/","url":"https:\/\/www.per-turbas.fr\/index.php\/theorie-critique\/","name":"Th\u00e9orie critique - per turbas","isPartOf":{"@id":"https:\/\/www.per-turbas.fr\/#website"},"datePublished":"2020-10-31T11:14:41+00:00","dateModified":"2021-09-11T14:17:35+00:00","description":"turba perturbation philosophie politique mouvement mobilisation soci\u00e9t\u00e9 inconscient psychanalyse ethnologie anthropologie pol\u00e9mique nature Clastres Kant per-turbas","inLanguage":"en-US","potentialAction":[{"@type":"ReadAction","target":["https:\/\/www.per-turbas.fr\/index.php\/theorie-critique\/"]}]},{"@type":"WebSite","@id":"https:\/\/www.per-turbas.fr\/#website","url":"https:\/\/www.per-turbas.fr\/","name":"per turbas","description":"le site philosophique de Christian Ferri\u00e9","publisher":{"@id":"https:\/\/www.per-turbas.fr\/#\/schema\/person\/f9d39376436e76bb0cb2e044e2d2b73d"},"potentialAction":[{"@type":"SearchAction","target":{"@type":"EntryPoint","urlTemplate":"https:\/\/www.per-turbas.fr\/?s={search_term_string}"},"query-input":{"@type":"PropertyValueSpecification","valueRequired":true,"valueName":"search_term_string"}}],"inLanguage":"en-US"},{"@type":["Person","Organization"],"@id":"https:\/\/www.per-turbas.fr\/#\/schema\/person\/f9d39376436e76bb0cb2e044e2d2b73d","name":"CF-\u00e9dition","image":{"@type":"ImageObject","inLanguage":"en-US","@id":"https:\/\/secure.gravatar.com\/avatar\/65f88c205a5c581bca7da880d8b1f9ca1f4b8c3d0229d2ed9b48acc1ee61ea6b?s=96&d=mm&r=g","url":"https:\/\/secure.gravatar.com\/avatar\/65f88c205a5c581bca7da880d8b1f9ca1f4b8c3d0229d2ed9b48acc1ee61ea6b?s=96&d=mm&r=g","contentUrl":"https:\/\/secure.gravatar.com\/avatar\/65f88c205a5c581bca7da880d8b1f9ca1f4b8c3d0229d2ed9b48acc1ee61ea6b?s=96&d=mm&r=g","caption":"CF-\u00e9dition"},"logo":{"@id":"https:\/\/secure.gravatar.com\/avatar\/65f88c205a5c581bca7da880d8b1f9ca1f4b8c3d0229d2ed9b48acc1ee61ea6b?s=96&d=mm&r=g"}}]}},"_links":{"self":[{"href":"https:\/\/www.per-turbas.fr\/index.php\/wp-json\/wp\/v2\/pages\/1591","targetHints":{"allow":["GET"]}}],"collection":[{"href":"https:\/\/www.per-turbas.fr\/index.php\/wp-json\/wp\/v2\/pages"}],"about":[{"href":"https:\/\/www.per-turbas.fr\/index.php\/wp-json\/wp\/v2\/types\/page"}],"author":[{"embeddable":true,"href":"https:\/\/www.per-turbas.fr\/index.php\/wp-json\/wp\/v2\/users\/1"}],"replies":[{"embeddable":true,"href":"https:\/\/www.per-turbas.fr\/index.php\/wp-json\/wp\/v2\/comments?post=1591"}],"version-history":[{"count":0,"href":"https:\/\/www.per-turbas.fr\/index.php\/wp-json\/wp\/v2\/pages\/1591\/revisions"}],"wp:attachment":[{"href":"https:\/\/www.per-turbas.fr\/index.php\/wp-json\/wp\/v2\/media?parent=1591"}],"curies":[{"name":"wp","href":"https:\/\/api.w.org\/{rel}","templated":true}]}}